{"id":6870,"date":"2022-08-09T11:55:35","date_gmt":"2022-08-09T09:55:35","guid":{"rendered":"https:\/\/www.koehlerpappen.de\/notre-histoire\/"},"modified":"2026-01-08T16:44:47","modified_gmt":"2026-01-08T15:44:47","slug":"notre-histoire","status":"publish","type":"page","link":"https:\/\/www.koehlerpappen.de\/fr\/entreprise\/notre-histoire\/","title":{"rendered":"Notre histoire"},"content":{"rendered":"\t\t<div data-elementor-type=\"wp-page\" data-elementor-id=\"6870\" class=\"elementor elementor-6870 elementor-1212\" data-elementor-post-type=\"page\">\n\t\t\t\t\t\t<section class=\"elementor-section elementor-top-section elementor-element elementor-element-b1a6fe6 elementor-section-height-min-height elementor-section-items-top elementor-section-boxed elementor-section-height-default\" data-id=\"b1a6fe6\" data-element_type=\"section\" data-e-type=\"section\" data-settings=\"{&quot;jet_parallax_layout_list&quot;:[]}\">\n\t\t\t\t\t\t<div class=\"elementor-container elementor-column-gap-default\">\n\t\t\t\t\t<div class=\"elementor-column elementor-col-100 elementor-top-column elementor-element elementor-element-13addcd elementor-invisible\" data-id=\"13addcd\" data-element_type=\"column\" data-e-type=\"column\" data-settings=\"{&quot;animation&quot;:&quot;fadeInUp&quot;}\">\n\t\t\t<div class=\"elementor-widget-wrap elementor-element-populated\">\n\t\t\t\t\t\t<div class=\"elementor-element elementor-element-2ec6ee5 elementor-align-left elementor-widget elementor-widget-breadcrumbs\" data-id=\"2ec6ee5\" data-element_type=\"widget\" data-e-type=\"widget\" data-widget_type=\"breadcrumbs.default\">\n\t\t\t\t<div class=\"elementor-widget-container\">\n\t\t\t\t\t<p id=\"breadcrumbs\"><span><span><a href=\"https:\/\/www.koehlerpappen.de\/fr\/accueil-koehlerpappen\/\">Page d'accueil<\/a><\/span><\/span><\/p>\t\t\t\t<\/div>\n\t\t\t\t<\/div>\n\t\t\t\t<div class=\"elementor-element elementor-element-540f9f5 elementor-widget elementor-widget-text-editor\" data-id=\"540f9f5\" data-element_type=\"widget\" data-e-type=\"widget\" data-widget_type=\"text-editor.default\">\n\t\t\t\t<div class=\"elementor-widget-container\">\n\t\t\t\t\t\t\t\t\t<h1>Notre histoire<\/h1>\t\t\t\t\t\t\t\t<\/div>\n\t\t\t\t<\/div>\n\t\t\t\t\t<\/div>\n\t\t<\/div>\n\t\t\t\t\t<\/div>\n\t\t<\/section>\n\t\t\t\t<section class=\"elementor-section elementor-top-section elementor-element elementor-element-1f2dfb8 elementor-section-boxed elementor-section-height-default elementor-section-height-default\" data-id=\"1f2dfb8\" data-element_type=\"section\" data-e-type=\"section\" data-settings=\"{&quot;jet_parallax_layout_list&quot;:[]}\">\n\t\t\t\t\t\t<div class=\"elementor-container elementor-column-gap-default\">\n\t\t\t\t\t<div class=\"elementor-column elementor-col-100 elementor-top-column elementor-element elementor-element-f4d1f67\" data-id=\"f4d1f67\" data-element_type=\"column\" data-e-type=\"column\">\n\t\t\t<div class=\"elementor-widget-wrap elementor-element-populated\">\n\t\t\t\t\t\t<div class=\"elementor-element elementor-element-43a3c39 elementor-widget elementor-widget-jet-timeline\" data-id=\"43a3c39\" data-element_type=\"widget\" data-e-type=\"widget\" data-widget_type=\"jet-timeline.default\">\n\t\t\t\t<div class=\"elementor-widget-container\">\n\t\t\t\t\t<div class=\"elementor-jet-timeline jet-elements\"><div class=\"jet-timeline jet-timeline--align-center jet-timeline--align-middle\">\n\t<div class=\"jet-timeline__line\"><div class=\"jet-timeline__line-progress\"><\/div><\/div>\n\t<div class=\"jet-timeline-list\"><div class=\"jet-timeline-item jet-timeline-item--animated elementor-repeater-item-e2116ef jet-timeline-item--image-inside\">\n\t<div class=\"timeline-item__card\">\n\t\t<div class=\"timeline-item__card-inner\">\n\t\t\t\t<div class=\"timeline-item__card-img\"><img decoding=\"async\" width=\"70\" height=\"70\" src=\"https:\/\/www.koehlerpappen.de\/wp-content\/uploads\/timeline\/1490_tradition.jpg\" class=\"attachment-full size-full wp-image-1738\" alt=\"Traditionelle Papierherstellung\" \/><\/div>\t\t\t\t<div class=\"timeline-item__card-content\">\n\t\t\t\t\t<div class=\"timeline-item__meta\"><div class=\"timeline-item__meta-content\">1490<\/div><\/div><h5 class=\"timeline-item__card-title\">Le \"moulin \u00e0 papier\" au Moyen \u00c2ge<\/h5><div class=\"timeline-item__card-desc\"><p>La fabrication du papier a une longue tradition \u00e0 Gengenbach, qui remonte au Moyen-\u00c2ge. De 1490 \u00e0 1705, le \"papierm\u00fchlin beym gutleuthaus\" produisait du papier de tr\u00e8s grande qualit\u00e9, qui \u00e9tait principalement livr\u00e9 aux imprimeries strasbourgeoises, mais aussi aux marchands du nord de l'Allemagne, de Hollande et de Belgique.<\/p><div id=\"lt-accessibility-devtools\" aria-hidden=\"true\"> <\/div><\/div>\t\t\t\t<\/div>\n\t\t\t\t\t\t<\/div>\n\t\t<div class=\"timeline-item__card-arrow\"><\/div>\n\t<\/div>\n\t<div class=\"timeline-item__point\"><div class=\"timeline-item__point-content timeline-item__point-content--icon\"><span class=\"jet-elements-icon\"><i aria-hidden=\"true\" class=\"fas fa-calendar-day\"><\/i><\/span><\/div><\/div><div class=\"timeline-item__meta\"><div class=\"timeline-item__meta-content\">1490<\/div><\/div><\/div><div class=\"jet-timeline-item jet-timeline-item--animated elementor-repeater-item-ee63c80 jet-timeline-item--image-inside\">\n\t<div class=\"timeline-item__card\">\n\t\t<div class=\"timeline-item__card-inner\">\n\t\t\t\t<div class=\"timeline-item__card-img\"><img decoding=\"async\" width=\"70\" height=\"70\" src=\"https:\/\/www.koehlerpappen.de\/wp-content\/uploads\/timeline\/1986_halle.jpg\" class=\"attachment-full size-full wp-image-1748\" alt=\"Strohpappenfabrik\" \/><\/div>\t\t\t\t<div class=\"timeline-item__card-content\">\n\t\t\t\t\t<div class=\"timeline-item__meta\"><div class=\"timeline-item__meta-content\">1889<\/div><\/div><h5 class=\"timeline-item__card-title\">K\u00f6hler acquiert une usine<\/h5><div class=\"timeline-item__card-desc\"><p>Albert K\u00f6hler acquiert avec son partenaire Jakob Marz l'usine de carton de Gengenbach, construite en 1873. Comme en t\u00e9moigne le contrat d'association, les d\u00e9buts sont modestes. N\u00e9anmoins, la m\u00eame ann\u00e9e, une usine de carton-paille est construite \u00e0 c\u00f4t\u00e9 de l'usine de carton \u00e0 la main.<\/p><div id=\"lt-accessibility-devtools\" aria-hidden=\"true\"> <\/div><\/div>\t\t\t\t<\/div>\n\t\t\t\t\t\t<\/div>\n\t\t<div class=\"timeline-item__card-arrow\"><\/div>\n\t<\/div>\n\t<div class=\"timeline-item__point\"><div class=\"timeline-item__point-content timeline-item__point-content--icon\"><span class=\"jet-elements-icon\"><i aria-hidden=\"true\" class=\"fas fa-calendar-day\"><\/i><\/span><\/div><\/div><div class=\"timeline-item__meta\"><div class=\"timeline-item__meta-content\">1889<\/div><\/div><\/div><div class=\"jet-timeline-item jet-timeline-item--animated elementor-repeater-item-5057195 jet-timeline-item--image-inside\">\n\t<div class=\"timeline-item__card\">\n\t\t<div class=\"timeline-item__card-inner\">\n\t\t\t\t<div class=\"timeline-item__card-img\"><img decoding=\"async\" src=\"https:\/\/www.koehlerpappen.de\/wp-content\/uploads\/elementor\/thumbs\/1490_tradition-qbkipdu1bv7mv02pcb8jlqqv2bq10ih2u24hrpz6f0.jpg\" title=\"1490_tradition\" alt=\"Traditionelle Papierherstellung\" loading=\"lazy\" \/><\/div>\t\t\t\t<div class=\"timeline-item__card-content\">\n\t\t\t\t\t<div class=\"timeline-item__meta\"><div class=\"timeline-item__meta-content\">1893<\/div><\/div><h5 class=\"timeline-item__card-title\">Am\u00e9nagement &amp; modernisation<\/h5><div class=\"timeline-item__card-desc\"><p>En collaboration avec un partenaire, l'usine de carton de Gengenbach, fond\u00e9e en 1873, est rachet\u00e9e. Comme le montre le contrat de soci\u00e9t\u00e9, les d\u00e9buts sont modestes. N\u00e9anmoins, une usine de carton paille voit le jour la m\u00eame ann\u00e9e \u00e0 c\u00f4t\u00e9 de l'usine de carton \u00e0 la main.  <\/p><\/div>\t\t\t\t<\/div>\n\t\t\t\t\t\t<\/div>\n\t\t<div class=\"timeline-item__card-arrow\"><\/div>\n\t<\/div>\n\t<div class=\"timeline-item__point\"><div class=\"timeline-item__point-content timeline-item__point-content--icon\"><span class=\"jet-elements-icon\"><i aria-hidden=\"true\" class=\"fas fa-calendar-day\"><\/i><\/span><\/div><\/div><div class=\"timeline-item__meta\"><div class=\"timeline-item__meta-content\">1893<\/div><\/div><\/div><div class=\"jet-timeline-item jet-timeline-item--animated elementor-repeater-item-3d9ce8a jet-timeline-item--image-inside\">\n\t<div class=\"timeline-item__card\">\n\t\t<div class=\"timeline-item__card-inner\">\n\t\t\t\t<div class=\"timeline-item__card-img\"><img decoding=\"async\" src=\"https:\/\/www.koehlerpappen.de\/wp-content\/uploads\/elementor\/thumbs\/1490_tradition-qbkipdu1bv7mv02pcb8jlqqv2bq10ih2u24hrpz6f0.jpg\" title=\"1490_tradition\" alt=\"Traditionelle Papierherstellung\" loading=\"lazy\" \/><\/div>\t\t\t\t<div class=\"timeline-item__card-content\">\n\t\t\t\t\t<div class=\"timeline-item__meta\"><div class=\"timeline-item__meta-content\">1904<\/div><\/div><h5 class=\"timeline-item__card-title\">Production de mosa\u00efques<\/h5><div class=\"timeline-item__card-desc\"><p>L'entreprise se lance dans la fabrication de mosa\u00efques lumineuses en m\u00e9tal et en verre afin de pouvoir exploiter \u00e9conomiquement les mois pendant lesquels le s\u00e9chage du carton n'est pas possible en raison des mauvaises conditions m\u00e9t\u00e9orologiques. Cependant, l'entreprise ne rencontre pas le succ\u00e8s financier escompt\u00e9 et la production est \u00e0 nouveau arr\u00eat\u00e9e.<\/p><div id=\"lt-accessibility-devtools\" aria-hidden=\"true\"> <\/div><\/div>\t\t\t\t<\/div>\n\t\t\t\t\t\t<\/div>\n\t\t<div class=\"timeline-item__card-arrow\"><\/div>\n\t<\/div>\n\t<div class=\"timeline-item__point\"><div class=\"timeline-item__point-content timeline-item__point-content--icon\"><span class=\"jet-elements-icon\"><i aria-hidden=\"true\" class=\"fas fa-calendar-day\"><\/i><\/span><\/div><\/div><div class=\"timeline-item__meta\"><div class=\"timeline-item__meta-content\">1904<\/div><\/div><\/div><div class=\"jet-timeline-item jet-timeline-item--animated elementor-repeater-item-9c456c9 jet-timeline-item--image-inside\">\n\t<div class=\"timeline-item__card\">\n\t\t<div class=\"timeline-item__card-inner\">\n\t\t\t\t<div class=\"timeline-item__card-img\"><img decoding=\"async\" src=\"https:\/\/www.koehlerpappen.de\/wp-content\/uploads\/elementor\/thumbs\/1925_werk-qbkipdvsu0paizm5nhexgog0vu37szv4jv0w4bdapg.jpg\" title=\"1925_werk\" alt=\"Mitarbeiterwohnungen\" loading=\"lazy\" \/><\/div>\t\t\t\t<div class=\"timeline-item__card-content\">\n\t\t\t\t\t<div class=\"timeline-item__meta\"><div class=\"timeline-item__meta-content\">1925<\/div><\/div><h5 class=\"timeline-item__card-title\">Logements pour les employ\u00e9s<\/h5><div class=\"timeline-item__card-desc\"><p>L'entreprise K\u00f6hler construit, chose inhabituelle pour l'\u00e9poque, des logements d'usine pour ses ouvriers.<\/p><div id=\"lt-accessibility-devtools\" aria-hidden=\"true\"> <\/div><\/div>\t\t\t\t<\/div>\n\t\t\t\t\t\t<\/div>\n\t\t<div class=\"timeline-item__card-arrow\"><\/div>\n\t<\/div>\n\t<div class=\"timeline-item__point\"><div class=\"timeline-item__point-content timeline-item__point-content--icon\"><span class=\"jet-elements-icon\"><i aria-hidden=\"true\" class=\"fas fa-calendar-day\"><\/i><\/span><\/div><\/div><div class=\"timeline-item__meta\"><div class=\"timeline-item__meta-content\">1925<\/div><\/div><\/div><div class=\"jet-timeline-item jet-timeline-item--animated elementor-repeater-item-668c483 jet-timeline-item--image-inside\">\n\t<div class=\"timeline-item__card\">\n\t\t<div class=\"timeline-item__card-inner\">\n\t\t\t\t<div class=\"timeline-item__card-img\"><img decoding=\"async\" src=\"https:\/\/www.koehlerpappen.de\/wp-content\/uploads\/elementor\/thumbs\/1490_tradition-qbkipdu1bv7mv02pcb8jlqqv2bq10ih2u24hrpz6f0.jpg\" title=\"1490_tradition\" alt=\"Traditionelle Papierherstellung\" loading=\"lazy\" \/><\/div>\t\t\t\t<div class=\"timeline-item__card-content\">\n\t\t\t\t\t<div class=\"timeline-item__meta\"><div class=\"timeline-item__meta-content\">1944\/45<\/div><\/div><h5 class=\"timeline-item__card-title\">P\u00e9nurie de mati\u00e8res premi\u00e8res en temps de guerre<\/h5><div class=\"timeline-item__card-desc\"><p>Pendant la Seconde Guerre mondiale, la production a d'abord continu\u00e9. L'une apr\u00e8s l'autre, la fabrication de paille et de carton \u00e0 la main doit \u00eatre arr\u00eat\u00e9e en 1944\/45 par manque de charbon, de mati\u00e8res premi\u00e8res et de main-d'\u0153uvre. Le 18 avril 1945, Gengenbach est occup\u00e9e par les Fran\u00e7ais.<br>En 1946\/47, la production de carton peut reprendre.<\/p><div id=\"lt-accessibility-devtools\" aria-hidden=\"true\"> <\/div><\/div>\t\t\t\t<\/div>\n\t\t\t\t\t\t<\/div>\n\t\t<div class=\"timeline-item__card-arrow\"><\/div>\n\t<\/div>\n\t<div class=\"timeline-item__point\"><div class=\"timeline-item__point-content timeline-item__point-content--icon\"><span class=\"jet-elements-icon\"><i aria-hidden=\"true\" class=\"fas fa-calendar-day\"><\/i><\/span><\/div><\/div><div class=\"timeline-item__meta\"><div class=\"timeline-item__meta-content\">1944\/45<\/div><\/div><\/div><div class=\"jet-timeline-item jet-timeline-item--animated elementor-repeater-item-a886555 jet-timeline-item--image-inside\">\n\t<div class=\"timeline-item__card\">\n\t\t<div class=\"timeline-item__card-inner\">\n\t\t\t\t<div class=\"timeline-item__card-img\"><img decoding=\"async\" src=\"https:\/\/www.koehlerpappen.de\/wp-content\/uploads\/elementor\/thumbs\/1490_tradition-qbkipdu1bv7mv02pcb8jlqqv2bq10ih2u24hrpz6f0.jpg\" title=\"1490_tradition\" alt=\"Traditionelle Papierherstellung\" loading=\"lazy\" \/><\/div>\t\t\t\t<div class=\"timeline-item__card-content\">\n\t\t\t\t\t<div class=\"timeline-item__meta\"><div class=\"timeline-item__meta-content\">1969<\/div><\/div><h5 class=\"timeline-item__card-title\">La fin du carton-p\u00e2te<\/h5><div class=\"timeline-item__card-desc\"><p>La fabrication de carton-paille est totalement arr\u00eat\u00e9e. Le carton-paille ne r\u00e9pond plus aux exigences des clients.<\/p><div id=\"lt-accessibility-devtools\" aria-hidden=\"true\"> <\/div><\/div>\t\t\t\t<\/div>\n\t\t\t\t\t\t<\/div>\n\t\t<div class=\"timeline-item__card-arrow\"><\/div>\n\t<\/div>\n\t<div class=\"timeline-item__point\"><div class=\"timeline-item__point-content timeline-item__point-content--icon\"><span class=\"jet-elements-icon\"><i aria-hidden=\"true\" class=\"fas fa-calendar-day\"><\/i><\/span><\/div><\/div><div class=\"timeline-item__meta\"><div class=\"timeline-item__meta-content\">1969<\/div><\/div><\/div><div class=\"jet-timeline-item jet-timeline-item--animated elementor-repeater-item-6cee310 jet-timeline-item--image-inside\">\n\t<div class=\"timeline-item__card\">\n\t\t<div class=\"timeline-item__card-inner\">\n\t\t\t\t<div class=\"timeline-item__card-img\"><img decoding=\"async\" width=\"70\" height=\"70\" src=\"https:\/\/www.koehlerpappen.de\/wp-content\/uploads\/timeline\/1986_halle.jpg\" class=\"attachment-full size-full wp-image-1748\" alt=\"Strohpappenfabrik\" \/><\/div>\t\t\t\t<div class=\"timeline-item__card-content\">\n\t\t\t\t\t<div class=\"timeline-item__meta\"><div class=\"timeline-item__meta-content\">1986<\/div><\/div><h5 class=\"timeline-item__card-title\">Nouveau hall de production plus grand<\/h5><div class=\"timeline-item__card-desc\"><p>Un nouveau hall plus grand sera construit au-dessus de l'ancien hall automatique avant que l'ancien b\u00e2timent ne soit d\u00e9moli. Ainsi, les machines restent prot\u00e9g\u00e9es et la production peut se poursuivre presque sans entrave malgr\u00e9 les transformations.<\/p><div id=\"lt-accessibility-devtools\" aria-hidden=\"true\"> <\/div><\/div>\t\t\t\t<\/div>\n\t\t\t\t\t\t<\/div>\n\t\t<div class=\"timeline-item__card-arrow\"><\/div>\n\t<\/div>\n\t<div class=\"timeline-item__point\"><div class=\"timeline-item__point-content timeline-item__point-content--icon\"><span class=\"jet-elements-icon\"><i aria-hidden=\"true\" class=\"fas fa-calendar-day\"><\/i><\/span><\/div><\/div><div class=\"timeline-item__meta\"><div class=\"timeline-item__meta-content\">1986<\/div><\/div><\/div><div class=\"jet-timeline-item jet-timeline-item--animated elementor-repeater-item-7b969ee jet-timeline-item--image-inside\">\n\t<div class=\"timeline-item__card\">\n\t\t<div class=\"timeline-item__card-inner\">\n\t\t\t\t<div class=\"timeline-item__card-img\"><img decoding=\"async\" width=\"70\" height=\"70\" src=\"https:\/\/www.koehlerpappen.de\/wp-content\/uploads\/timeline\/1995_museum.jpg\" class=\"attachment-full size-full wp-image-1750\" alt=\"K\u00f6hlerfabrik Museum\" \/><\/div>\t\t\t\t<div class=\"timeline-item__card-content\">\n\t\t\t\t\t<div class=\"timeline-item__meta\"><div class=\"timeline-item__meta-content\">1995<\/div><\/div><h5 class=\"timeline-item__card-title\">Le mus\u00e9e de la charbonnerie<\/h5><div class=\"timeline-item__card-desc\"><p>Un petit mus\u00e9e sera am\u00e9nag\u00e9 dans l'ancien b\u00e2timent des turbines de l'entreprise K\u00f6hler. Il abritera des documents, des photos et des objets retra\u00e7ant la longue histoire de l'entreprise.<\/p><div id=\"lt-accessibility-devtools\" aria-hidden=\"true\"> <\/div><\/div>\t\t\t\t<\/div>\n\t\t\t\t\t\t<\/div>\n\t\t<div class=\"timeline-item__card-arrow\"><\/div>\n\t<\/div>\n\t<div class=\"timeline-item__point\"><div class=\"timeline-item__point-content timeline-item__point-content--icon\"><span class=\"jet-elements-icon\"><i aria-hidden=\"true\" class=\"fas fa-calendar-day\"><\/i><\/span><\/div><\/div><div class=\"timeline-item__meta\"><div class=\"timeline-item__meta-content\">1995<\/div><\/div><\/div><div class=\"jet-timeline-item jet-timeline-item--animated elementor-repeater-item-042023d jet-timeline-item--image-inside\">\n\t<div class=\"timeline-item__card\">\n\t\t<div class=\"timeline-item__card-inner\">\n\t\t\t\t<div class=\"timeline-item__card-img\"><img loading=\"lazy\" decoding=\"async\" width=\"70\" height=\"70\" src=\"https:\/\/www.koehlerpappen.de\/wp-content\/uploads\/timeline\/1997_papier_mode.jpg\" class=\"attachment-full size-full wp-image-1751\" alt=\"Mode aus Papier\" \/><\/div>\t\t\t\t<div class=\"timeline-item__card-content\">\n\t\t\t\t\t<div class=\"timeline-item__meta\"><div class=\"timeline-item__meta-content\">1997<\/div><\/div><h5 class=\"timeline-item__card-title\">Projet : Mode en papier<\/h5><div class=\"timeline-item__card-desc\"><p>L'entreprise K\u00f6hler soutient le projet artistique \"Formes de la hi\u00e9rarchie\" de la facult\u00e9 de design de mode de l'universit\u00e9 des sciences appliqu\u00e9es de Tr\u00e8ves, r\u00e9alis\u00e9 en coop\u00e9ration avec l'association des usines de papier allemandes. La mode en papier et en carton est pr\u00e9sent\u00e9e lors d'un d\u00e9fil\u00e9 \u00e0 Francfort en novembre 1997. Les mod\u00e8les \"Guerrier\" et \"Grand Pr\u00eatre\", fabriqu\u00e9s \u00e0 partir de produits K\u00f6hler, sont expos\u00e9s dans le mus\u00e9e de l'entreprise K\u00f6hler.<\/p><div id=\"lt-accessibility-devtools\" aria-hidden=\"true\"> <\/div><\/div>\t\t\t\t<\/div>\n\t\t\t\t\t\t<\/div>\n\t\t<div class=\"timeline-item__card-arrow\"><\/div>\n\t<\/div>\n\t<div class=\"timeline-item__point\"><div class=\"timeline-item__point-content timeline-item__point-content--icon\"><span class=\"jet-elements-icon\"><i aria-hidden=\"true\" class=\"fas fa-calendar-day\"><\/i><\/span><\/div><\/div><div class=\"timeline-item__meta\"><div class=\"timeline-item__meta-content\">1997<\/div><\/div><\/div><div class=\"jet-timeline-item jet-timeline-item--animated elementor-repeater-item-6f7c3e5 jet-timeline-item--image-inside\">\n\t<div class=\"timeline-item__card\">\n\t\t<div class=\"timeline-item__card-inner\">\n\t\t\t\t<div class=\"timeline-item__card-img\"><img loading=\"lazy\" decoding=\"async\" width=\"70\" height=\"70\" src=\"https:\/\/www.koehlerpappen.de\/wp-content\/uploads\/timeline\/2010_klaeranlage.jpg\" class=\"attachment-full size-full wp-image-1752\" alt=\"Kl\u00e4ranlage\" \/><\/div>\t\t\t\t<div class=\"timeline-item__card-content\">\n\t\t\t\t\t<div class=\"timeline-item__meta\"><div class=\"timeline-item__meta-content\">2010<\/div><\/div><h5 class=\"timeline-item__card-title\">Propre station d'\u00e9puration pour pr\u00e9server l'environnement<\/h5><div class=\"timeline-item__card-desc\"><p>Afin de pr\u00e9server l'environnement et de r\u00e9duire les co\u00fbts croissants des eaux us\u00e9es, l'entreprise a investi en 2010 dans une nouvelle station d'\u00e9puration. Avec Siemens Industrie Solutions, nous avions \u00e0 nos c\u00f4t\u00e9s un partenaire et un d\u00e9veloppeur comp\u00e9tent. Une installation de traitement de l'eau d'un genre totalement nouveau pour l'industrie du carton dans le monde entier a vu le jour et a d\u00fb \u00eatre int\u00e9gr\u00e9e dans le circuit en cours et dans l'installation existante.<\/p><div id=\"lt-accessibility-devtools\" aria-hidden=\"true\"> <\/div><\/div>\t\t\t\t<\/div>\n\t\t\t\t\t\t<\/div>\n\t\t<div class=\"timeline-item__card-arrow\"><\/div>\n\t<\/div>\n\t<div class=\"timeline-item__point\"><div class=\"timeline-item__point-content timeline-item__point-content--icon\"><span class=\"jet-elements-icon\"><i aria-hidden=\"true\" class=\"fas fa-calendar-day\"><\/i><\/span><\/div><\/div><div class=\"timeline-item__meta\"><div class=\"timeline-item__meta-content\">2010<\/div><\/div><\/div><div class=\"jet-timeline-item jet-timeline-item--animated elementor-repeater-item-4b69fc0 jet-timeline-item--image-inside\">\n\t<div class=\"timeline-item__card\">\n\t\t<div class=\"timeline-item__card-inner\">\n\t\t\t\t<div class=\"timeline-item__card-img\"><img decoding=\"async\" src=\"https:\/\/www.koehlerpappen.de\/wp-content\/uploads\/elementor\/thumbs\/koehlerpappen_9120_2019-qbkipij8a1egso0vm4cef6n6axzsz4dkc58el6cocc.png\" title=\"Koehlerpappen_9120_2019\" alt=\"Koehlerpappen_9120_2019\" loading=\"lazy\" \/><\/div>\t\t\t\t<div class=\"timeline-item__card-content\">\n\t\t\t\t\t<div class=\"timeline-item__meta\"><div class=\"timeline-item__meta-content\">2019<\/div><\/div><h5 class=\"timeline-item__card-title\">nouvelle cisaille circulaire \u00e0 angle<\/h5><div class=\"timeline-item__card-desc\"><p>Dans le cadre de la r\u00e9novation de l'entreprise, l'ancienne cisaille circulaire \u00e0 renvoi d'angle 1 a \u00e9t\u00e9 d\u00e9mont\u00e9e. La nouvelle cisaille circulaire \u00e0 angle (WKS 3) de la soci\u00e9t\u00e9 Kolbus a \u00e9t\u00e9 mise en service le 04 octobre 2019.<\/p><div id=\"lt-accessibility-devtools\" aria-hidden=\"true\"> <\/div><\/div>\t\t\t\t<\/div>\n\t\t\t\t\t\t<\/div>\n\t\t<div class=\"timeline-item__card-arrow\"><\/div>\n\t<\/div>\n\t<div class=\"timeline-item__point\"><div class=\"timeline-item__point-content timeline-item__point-content--icon\"><span class=\"jet-elements-icon\"><i aria-hidden=\"true\" class=\"fas fa-calendar-day\"><\/i><\/span><\/div><\/div><div class=\"timeline-item__meta\"><div class=\"timeline-item__meta-content\">2019<\/div><\/div><\/div><div class=\"jet-timeline-item jet-timeline-item--animated elementor-repeater-item-3cc0daa jet-timeline-item--image-inside\">\n\t<div class=\"timeline-item__card\">\n\t\t<div class=\"timeline-item__card-inner\">\n\t\t\t\t<div class=\"timeline-item__card-img\"><img decoding=\"async\" src=\"https:\/\/www.koehlerpappen.de\/wp-content\/uploads\/elementor\/thumbs\/2020_klimaneutrale_energieversorgung-qbkipdu1bv816m7pdkb9kptvc0mywmuwnhyz6sjn7g.jpg\" title=\"2020_klimaneutrale_energieversorgung\" alt=\"K\u00f6hlerpappen Geb\u00e4ude\" loading=\"lazy\" \/><\/div>\t\t\t\t<div class=\"timeline-item__card-content\">\n\t\t\t\t\t<div class=\"timeline-item__meta\"><div class=\"timeline-item__meta-content\">2021<\/div><\/div><h5 class=\"timeline-item__card-title\">Changement de forme de soci\u00e9t\u00e9 <\/h5><div class=\"timeline-item__card-desc\"><p>La soci\u00e9t\u00e9 GmbH &amp; Co. KG est transform\u00e9e en GmbH. Dans ce cadre, un changement intervient au sein de la direction. <\/p><\/div>\t\t\t\t<\/div>\n\t\t\t\t\t\t<\/div>\n\t\t<div class=\"timeline-item__card-arrow\"><\/div>\n\t<\/div>\n\t<div class=\"timeline-item__point\"><div class=\"timeline-item__point-content timeline-item__point-content--icon\"><span class=\"jet-elements-icon\"><i aria-hidden=\"true\" class=\"fas fa-calendar-day\"><\/i><\/span><\/div><\/div><div class=\"timeline-item__meta\"><div class=\"timeline-item__meta-content\">2021<\/div><\/div><\/div><div class=\"jet-timeline-item jet-timeline-item--animated elementor-repeater-item-ab5d9f0 jet-timeline-item--image-inside\">\n\t<div class=\"timeline-item__card\">\n\t\t<div class=\"timeline-item__card-inner\">\n\t\t\t\t<div class=\"timeline-item__card-img\"><img decoding=\"async\" src=\"https:\/\/www.koehlerpappen.de\/wp-content\/uploads\/elementor\/thumbs\/img_0368-scaled-e1666592311714-qbkipervip9bi86c82pw57lbxeic4bymzmmgo2i918.jpg\" title=\"IMG_0368\" alt=\"IMG_0368\" loading=\"lazy\" \/><\/div>\t\t\t\t<div class=\"timeline-item__card-content\">\n\t\t\t\t\t<div class=\"timeline-item__meta\"><div class=\"timeline-item__meta-content\">2021<\/div><\/div><h5 class=\"timeline-item__card-title\">D\u00e9montage et derni\u00e8re production sur la machine \u00e0 coller 2<\/h5><div class=\"timeline-item__card-desc\"><p>Le d\u00e9mant\u00e8lement de la machine \u00e0 coller 2 le 17 septembre 2021 marquera pour nous la fin d'un champ de production de longue date et couronn\u00e9 de succ\u00e8s. K\u00f6hlerpappen GmbH r\u00e9agit ainsi aux \u00e9volutions actuelles du march\u00e9. Nos produits contrecoll\u00e9 restent toutefois dans notre assortiment et sont fabriqu\u00e9s pour nous par un sp\u00e9cialiste du contrecollage.<\/p><div id=\"lt-accessibility-devtools\" aria-hidden=\"true\"> <\/div><\/div>\t\t\t\t<\/div>\n\t\t\t\t\t\t<\/div>\n\t\t<div class=\"timeline-item__card-arrow\"><\/div>\n\t<\/div>\n\t<div class=\"timeline-item__point\"><div class=\"timeline-item__point-content timeline-item__point-content--icon\"><span class=\"jet-elements-icon\"><i aria-hidden=\"true\" class=\"fas fa-calendar-day\"><\/i><\/span><\/div><\/div><div class=\"timeline-item__meta\"><div class=\"timeline-item__meta-content\">2021<\/div><\/div><\/div><div class=\"jet-timeline-item jet-timeline-item--animated elementor-repeater-item-b56f76b jet-timeline-item--image-inside\">\n\t<div class=\"timeline-item__card\">\n\t\t<div class=\"timeline-item__card-inner\">\n\t\t\t\t\t\t\t\t<div class=\"timeline-item__card-content\">\n\t\t\t\t\t<div class=\"timeline-item__meta\"><div class=\"timeline-item__meta-content\">2022<\/div><\/div><h5 class=\"timeline-item__card-title\">Derni\u00e8re production de rouleaux<\/h5><div class=\"timeline-item__card-desc\"><p>Derni\u00e8re production de rouleaux sur la machine de criblage longitudinal et d\u00e9montage de l'enrouleur sur la machine de criblage longitudinal.<\/p><\/div>\t\t\t\t<\/div>\n\t\t\t\t\t\t<\/div>\n\t\t<div class=\"timeline-item__card-arrow\"><\/div>\n\t<\/div>\n\t<div class=\"timeline-item__point\"><div class=\"timeline-item__point-content timeline-item__point-content--icon\"><span class=\"jet-elements-icon\"><i aria-hidden=\"true\" class=\"fas fa-calendar-day\"><\/i><\/span><\/div><\/div><div class=\"timeline-item__meta\"><div class=\"timeline-item__meta-content\">2022<\/div><\/div><\/div><div class=\"jet-timeline-item jet-timeline-item--animated elementor-repeater-item-b9e8eac jet-timeline-item--image-inside\">\n\t<div class=\"timeline-item__card\">\n\t\t<div class=\"timeline-item__card-inner\">\n\t\t\t\t<div class=\"timeline-item__card-img\"><img decoding=\"async\" src=\"https:\/\/www.koehlerpappen.de\/wp-content\/uploads\/elementor\/thumbs\/dsc_2984-scaled-qbkipb0ird467sbsu13dv8jhjv0v9jjpn40iqyntq4.jpg\" title=\"150-Jahr-Feier K\u00f6hler Pappen\" alt=\"Mitarbeiter sitze gemeinsam am Tisch lauschen dem Sprecher\" loading=\"lazy\" \/><\/div>\t\t\t\t<div class=\"timeline-item__card-content\">\n\t\t\t\t\t<div class=\"timeline-item__meta\"><div class=\"timeline-item__meta-content\">2023<\/div><\/div><h5 class=\"timeline-item__card-title\">150 ans<\/h5><div class=\"timeline-item__card-desc\"><p>En 2023, la soci\u00e9t\u00e9 K\u00f6hlerpappen GmbH a f\u00eat\u00e9 ses 150 ans d'existence. Depuis 1873, l'entreprise est synonyme de qualit\u00e9, de fiabilit\u00e9 et de d\u00e9veloppement continu. Des g\u00e9n\u00e9rations d'employ\u00e9s et de partenaires ont marqu\u00e9 cette success story. Cet anniversaire est \u00e0 la fois une motivation et un engagement \u00e0 allier de mani\u00e8re responsable tradition et avenir.   <\/p><div id=\"lt-accessibility-devtools\" aria-hidden=\"true\"> <\/div><\/div>\t\t\t\t<\/div>\n\t\t\t\t\t\t<\/div>\n\t\t<div class=\"timeline-item__card-arrow\"><\/div>\n\t<\/div>\n\t<div class=\"timeline-item__point\"><div class=\"timeline-item__point-content timeline-item__point-content--icon\"><span class=\"jet-elements-icon\"><i aria-hidden=\"true\" class=\"fas fa-calendar-day\"><\/i><\/span><\/div><\/div><div class=\"timeline-item__meta\"><div class=\"timeline-item__meta-content\">2023<\/div><\/div><\/div><div class=\"jet-timeline-item jet-timeline-item--animated elementor-repeater-item-2eff273 jet-timeline-item--image-inside\">\n\t<div class=\"timeline-item__card\">\n\t\t<div class=\"timeline-item__card-inner\">\n\t\t\t\t\t\t\t\t<div class=\"timeline-item__card-content\">\n\t\t\t\t\t<div class=\"timeline-item__meta\"><div class=\"timeline-item__meta-content\">2025<\/div><\/div><h5 class=\"timeline-item__card-title\">K\u00f6hlerpappen doit d\u00e9poser le bilan le 11 mars 2025<\/h5><div class=\"timeline-item__card-desc\"><p>Le 11 mars 2025 marque un jour noir dans l'histoire de la soci\u00e9t\u00e9 K\u00f6hlerpappen GmbH. Des co\u00fbts \u00e9nerg\u00e9tiques \u00e9lev\u00e9s, la volatilit\u00e9 des prix des mati\u00e8res premi\u00e8res, une baisse significative de la demande et des probl\u00e8mes structurels ont conduit \u00e0 la d\u00e9claration d'insolvabilit\u00e9. Cette rupture contraste fortement avec la longue tradition de l'entreprise et repr\u00e9sente un tournant majeur.  <\/p><\/div>\t\t\t\t<\/div>\n\t\t\t\t\t\t<\/div>\n\t\t<div class=\"timeline-item__card-arrow\"><\/div>\n\t<\/div>\n\t<div class=\"timeline-item__point\"><div class=\"timeline-item__point-content timeline-item__point-content--icon\"><span class=\"jet-elements-icon\"><i aria-hidden=\"true\" class=\"fas fa-calendar-day\"><\/i><\/span><\/div><\/div><div class=\"timeline-item__meta\"><div class=\"timeline-item__meta-content\">2025<\/div><\/div><\/div><div class=\"jet-timeline-item jet-timeline-item--animated elementor-repeater-item-b794bc6 jet-timeline-item--image-inside\">\n\t<div class=\"timeline-item__card\">\n\t\t<div class=\"timeline-item__card-inner\">\n\t\t\t\t<div class=\"timeline-item__card-img\"><img decoding=\"async\" src=\"https:\/\/www.koehlerpappen.de\/wp-content\/uploads\/elementor\/thumbs\/neustart-koehlerpappen-2026-rhcxx1vvmkw2gy6kuayn9808ljf0gnfi79p3lnysl8.jpg\" title=\"Neustart-K\u00f6hlerpappen-2026\" alt=\"Neustart K\u00f6hlerpappen 2026\" loading=\"lazy\" \/><\/div>\t\t\t\t<div class=\"timeline-item__card-content\">\n\t\t\t\t\t<div class=\"timeline-item__meta\"><div class=\"timeline-item__meta-content\">2026<\/div><\/div><h5 class=\"timeline-item__card-title\">Nouveau d\u00e9part \u2013 K\u00f6hlerpappen est sauv\u00e9<\/h5><div class=\"timeline-item__card-desc\"><p>Au 1er janvier 2026, Christian et Yannic Geiger reprennent la soci\u00e9t\u00e9 K\u00f6hlerpappen GmbH et garantissent tous les emplois. Christian dirige avec succ\u00e8s le service commercial depuis des d\u00e9cennies, tandis que son fils Yannic, dipl\u00f4m\u00e9 en gestion d'entreprise, apporte son exp\u00e9rience acquise dans un cabinet de conseil international. <\/p><p>L'\u00e9quipe de redressement du cabinet BSK Berbuer Speier Kuhn, sous la direction de l'administrateur judiciaire Dr Andr\u00e9 Berbuer, a r\u00e9ussi \u00e0 restructurer compl\u00e8tement l'entreprise malgr\u00e9 des difficult\u00e9s importantes. Les causes des difficult\u00e9s ont \u00e9t\u00e9 \u00e9limin\u00e9es, un concept d'avenir viable a \u00e9t\u00e9 d\u00e9velopp\u00e9 et les licenciements ont \u00e9t\u00e9 \u00e9vit\u00e9s. <\/p><p>Dans le cadre de la restructuration, la ville de Gengenbach a \u00e9galement proc\u00e9d\u00e9 \u00e0 l'achat des terrains de l'entreprise, ce qui garantit un avenir stable. K\u00f6hlerpappen reste ainsi une entreprise familiale de l'Ortenau avec des perspectives claires. <\/p><div id=\"lt-accessibility-devtools\" aria-hidden=\"true\"> <\/div><\/div>\t\t\t\t<\/div>\n\t\t\t\t\t\t<\/div>\n\t\t<div class=\"timeline-item__card-arrow\"><\/div>\n\t<\/div>\n\t<div class=\"timeline-item__point\"><div class=\"timeline-item__point-content timeline-item__point-content--icon\"><span class=\"jet-elements-icon\"><i aria-hidden=\"true\" class=\"fas fa-calendar-day\"><\/i><\/span><\/div><\/div><div class=\"timeline-item__meta\"><div class=\"timeline-item__meta-content\">2026<\/div><\/div><\/div><\/div><\/div><\/div>\t\t\t\t<\/div>\n\t\t\t\t<\/div>\n\t\t\t\t\t<\/div>\n\t\t<\/div>\n\t\t\t\t\t<\/div>\n\t\t<\/section>\n\t\t\t\t<section class=\"elementor-section elementor-top-section elementor-element elementor-element-34c0a1a elementor-section-height-min-height elementor-section-boxed elementor-section-height-default elementor-section-items-middle\" data-id=\"34c0a1a\" data-element_type=\"section\" data-e-type=\"section\" data-settings=\"{&quot;jet_parallax_layout_list&quot;:[],&quot;background_background&quot;:&quot;gradient&quot;}\">\n\t\t\t\t\t\t<div class=\"elementor-container elementor-column-gap-default\">\n\t\t\t\t\t<div class=\"elementor-column elementor-col-100 elementor-top-column elementor-element elementor-element-c2c7a49\" data-id=\"c2c7a49\" data-element_type=\"column\" data-e-type=\"column\" data-settings=\"{&quot;background_background&quot;:&quot;gradient&quot;}\">\n\t\t\t<div class=\"elementor-widget-wrap elementor-element-populated\">\n\t\t\t\t\t\t<div class=\"elementor-element elementor-element-a6b9d35 elementor-widget elementor-widget-heading\" data-id=\"a6b9d35\" data-element_type=\"widget\" data-e-type=\"widget\" data-widget_type=\"heading.default\">\n\t\t\t\t<div class=\"elementor-widget-container\">\n\t\t\t\t\t<h2 class=\"elementor-heading-title elementor-size-default\">Un avenir durable<\/h2>\t\t\t\t<\/div>\n\t\t\t\t<\/div>\n\t\t\t\t<div class=\"elementor-element elementor-element-23d7160 elementor-widget__width-initial elementor-widget elementor-widget-text-editor\" data-id=\"23d7160\" data-element_type=\"widget\" data-e-type=\"widget\" data-widget_type=\"text-editor.default\">\n\t\t\t\t<div class=\"elementor-widget-container\">\n\t\t\t\t\t\t\t\t\t<p>Notre plan\u00e8te Terre nous oblige \u00e0 \u00eatre durables. Nous ne pouvons pas continuer \u00e0 exploiter la nature de mani\u00e8re rigoureuse, nous devons commencer \u00e0 la comprendre, \u00e0 en tenir compte. K\u00f6hlerpappen rel\u00e8ve ce d\u00e9fi environnemental.<\/p>\t\t\t\t\t\t\t\t<\/div>\n\t\t\t\t<\/div>\n\t\t\t\t<div class=\"elementor-element elementor-element-b36bd8b elementor-align-center elementor-widget elementor-widget-button\" data-id=\"b36bd8b\" data-element_type=\"widget\" data-e-type=\"widget\" data-widget_type=\"button.default\">\n\t\t\t\t<div class=\"elementor-widget-container\">\n\t\t\t\t\t\t\t\t\t<div class=\"elementor-button-wrapper\">\n\t\t\t\t\t<a class=\"elementor-button elementor-button-link elementor-size-sm elementor-animation-grow\" href=\"https:\/\/www.koehlerpappen.de\/fr\/entreprise\/environnement\/\">\n\t\t\t\t\t\t<span class=\"elementor-button-content-wrapper\">\n\t\t\t\t\t\t\t\t\t<span class=\"elementor-button-text\">nos objectifs<\/span>\n\t\t\t\t\t<\/span>\n\t\t\t\t\t<\/a>\n\t\t\t\t<\/div>\n\t\t\t\t\t\t\t\t<\/div>\n\t\t\t\t<\/div>\n\t\t\t\t\t<\/div>\n\t\t<\/div>\n\t\t\t\t\t<\/div>\n\t\t<\/section>\n\t\t\t\t<\/div>\n\t\t","protected":false},"excerpt":{"rendered":"<p>Notre histoire 1490 Le \u00ab\u00a0moulin \u00e0 papier\u00a0\u00bb au Moyen \u00c2ge La fabrication du papier a une longue tradition \u00e0 Gengenbach, qui remonte au Moyen-\u00c2ge. De 1490 \u00e0 1705, le \u00ab\u00a0papierm\u00fchlin beym gutleuthaus\u00a0\u00bb produisait du papier de tr\u00e8s grande qualit\u00e9, qui \u00e9tait principalement livr\u00e9 aux imprimeries strasbourgeoises, mais aussi aux marchands du nord de l&rsquo;Allemagne, de [&hellip;]<\/p>\n","protected":false},"author":8,"featured_media":4694,"parent":7488,"menu_order":0,"comment_status":"closed","ping_status":"closed","template":"","meta":{"footnotes":""},"class_list":["post-6870","page","type-page","status-publish","has-post-thumbnail","hentry"],"yoast_head":"<title>Notre histoire - K\u00f6hlerpappen GmbH<\/title>\n<meta name=\"description\" content=\"La fabrication du papier a une longue tradition \u00e0 Gengenbach, qui remonte au Moyen-\u00c2ge.\" \/>\n<meta name=\"robots\" content=\"index, follow, max-snippet:-1, max-image-preview:large, max-video-preview:-1\" \/>\n<link rel=\"canonical\" href=\"https:\/\/www.koehlerpappen.de\/fr\/entreprise\/notre-histoire\/\" \/>\n<meta property=\"og:locale\" content=\"fr_FR\" \/>\n<meta property=\"og:type\" content=\"article\" \/>\n<meta property=\"og:title\" content=\"Notre histoire - K\u00f6hlerpappen GmbH\" \/>\n<meta property=\"og:description\" content=\"La fabrication du papier a une longue tradition \u00e0 Gengenbach, qui remonte au Moyen-\u00c2ge.\" \/>\n<meta property=\"og:url\" content=\"https:\/\/www.koehlerpappen.de\/fr\/entreprise\/notre-histoire\/\" \/>\n<meta property=\"og:site_name\" content=\"K\u00f6hlerpappen GmbH\" \/>\n<meta property=\"article:modified_time\" content=\"2026-01-08T15:44:47+00:00\" \/>\n<meta property=\"og:image\" content=\"https:\/\/www.koehlerpappen.de\/wp-content\/uploads\/koehler-gebaeude-e1666596995564.png\" \/>\n\t<meta property=\"og:image:width\" content=\"607\" \/>\n\t<meta property=\"og:image:height\" content=\"589\" \/>\n\t<meta property=\"og:image:type\" content=\"image\/png\" \/>\n<meta name=\"twitter:card\" content=\"summary_large_image\" \/>\n<meta name=\"twitter:label1\" content=\"Dur\u00e9e de lecture estim\u00e9e\" \/>\n\t<meta name=\"twitter:data1\" content=\"10 minutes\" \/>\n<script type=\"application\/ld+json\" class=\"yoast-schema-graph\">{\"@context\":\"https:\\\/\\\/schema.org\",\"@graph\":[{\"@type\":\"WebPage\",\"@id\":\"https:\\\/\\\/www.koehlerpappen.de\\\/fr\\\/entreprise\\\/notre-histoire\\\/\",\"url\":\"https:\\\/\\\/www.koehlerpappen.de\\\/fr\\\/entreprise\\\/notre-histoire\\\/\",\"name\":\"Notre histoire - K\u00f6hlerpappen GmbH\",\"isPartOf\":{\"@id\":\"https:\\\/\\\/www.koehlerpappen.de\\\/fr\\\/#website\"},\"primaryImageOfPage\":{\"@id\":\"https:\\\/\\\/www.koehlerpappen.de\\\/fr\\\/entreprise\\\/notre-histoire\\\/#primaryimage\"},\"image\":{\"@id\":\"https:\\\/\\\/www.koehlerpappen.de\\\/fr\\\/entreprise\\\/notre-histoire\\\/#primaryimage\"},\"thumbnailUrl\":\"https:\\\/\\\/www.koehlerpappen.de\\\/wp-content\\\/uploads\\\/koehler-gebaeude-e1666596995564.png\",\"datePublished\":\"2022-08-09T09:55:35+00:00\",\"dateModified\":\"2026-01-08T15:44:47+00:00\",\"description\":\"La fabrication du papier a une longue tradition \u00e0 Gengenbach, qui remonte au Moyen-\u00c2ge.\",\"breadcrumb\":{\"@id\":\"https:\\\/\\\/www.koehlerpappen.de\\\/fr\\\/entreprise\\\/notre-histoire\\\/#breadcrumb\"},\"inLanguage\":\"fr-FR\",\"potentialAction\":[{\"@type\":\"ReadAction\",\"target\":[\"https:\\\/\\\/www.koehlerpappen.de\\\/fr\\\/entreprise\\\/notre-histoire\\\/\"]}]},{\"@type\":\"ImageObject\",\"inLanguage\":\"fr-FR\",\"@id\":\"https:\\\/\\\/www.koehlerpappen.de\\\/fr\\\/entreprise\\\/notre-histoire\\\/#primaryimage\",\"url\":\"https:\\\/\\\/www.koehlerpappen.de\\\/wp-content\\\/uploads\\\/koehler-gebaeude-e1666596995564.png\",\"contentUrl\":\"https:\\\/\\\/www.koehlerpappen.de\\\/wp-content\\\/uploads\\\/koehler-gebaeude-e1666596995564.png\",\"width\":607,\"height\":589},{\"@type\":\"BreadcrumbList\",\"@id\":\"https:\\\/\\\/www.koehlerpappen.de\\\/fr\\\/entreprise\\\/notre-histoire\\\/#breadcrumb\",\"itemListElement\":[{\"@type\":\"ListItem\",\"position\":1,\"name\":\"Page d'accueil\",\"item\":\"https:\\\/\\\/www.koehlerpappen.de\\\/fr\\\/accueil-koehlerpappen\\\/\"},{\"@type\":\"ListItem\",\"position\":2,\"name\":\"Entreprise\",\"item\":\"https:\\\/\\\/www.koehlerpappen.de\\\/fr\\\/entreprise\\\/\"},{\"@type\":\"ListItem\",\"position\":3,\"name\":\"Notre histoire\"}]},{\"@type\":\"WebSite\",\"@id\":\"https:\\\/\\\/www.koehlerpappen.de\\\/fr\\\/#website\",\"url\":\"https:\\\/\\\/www.koehlerpappen.de\\\/fr\\\/\",\"name\":\"K\u00f6hlerpappen GmbH\",\"description\":\"\",\"publisher\":{\"@id\":\"https:\\\/\\\/www.koehlerpappen.de\\\/fr\\\/#organization\"},\"potentialAction\":[{\"@type\":\"SearchAction\",\"target\":{\"@type\":\"EntryPoint\",\"urlTemplate\":\"https:\\\/\\\/www.koehlerpappen.de\\\/fr\\\/?s={search_term_string}\"},\"query-input\":{\"@type\":\"PropertyValueSpecification\",\"valueRequired\":true,\"valueName\":\"search_term_string\"}}],\"inLanguage\":\"fr-FR\"},{\"@type\":\"Organization\",\"@id\":\"https:\\\/\\\/www.koehlerpappen.de\\\/fr\\\/#organization\",\"name\":\"K\u00f6hlerpappen GmbH\",\"url\":\"https:\\\/\\\/www.koehlerpappen.de\\\/fr\\\/\",\"logo\":{\"@type\":\"ImageObject\",\"inLanguage\":\"fr-FR\",\"@id\":\"https:\\\/\\\/www.koehlerpappen.de\\\/fr\\\/#\\\/schema\\\/logo\\\/image\\\/\",\"url\":\"https:\\\/\\\/www.koehlerpappen.de\\\/wp-content\\\/uploads\\\/logo_koehlerpappen.svg\",\"contentUrl\":\"https:\\\/\\\/www.koehlerpappen.de\\\/wp-content\\\/uploads\\\/logo_koehlerpappen.svg\",\"width\":134.22,\"height\":50.5,\"caption\":\"K\u00f6hlerpappen GmbH\"},\"image\":{\"@id\":\"https:\\\/\\\/www.koehlerpappen.de\\\/fr\\\/#\\\/schema\\\/logo\\\/image\\\/\"}}]}<\/script>","yoast_head_json":{"title":"Notre histoire - K\u00f6hlerpappen GmbH","description":"La fabrication du papier a une longue tradition \u00e0 Gengenbach, qui remonte au Moyen-\u00c2ge.","robots":{"index":"index","follow":"follow","max-snippet":"max-snippet:-1","max-image-preview":"max-image-preview:large","max-video-preview":"max-video-preview:-1"},"canonical":"https:\/\/www.koehlerpappen.de\/fr\/entreprise\/notre-histoire\/","og_locale":"fr_FR","og_type":"article","og_title":"Notre histoire - K\u00f6hlerpappen GmbH","og_description":"La fabrication du papier a une longue tradition \u00e0 Gengenbach, qui remonte au Moyen-\u00c2ge.","og_url":"https:\/\/www.koehlerpappen.de\/fr\/entreprise\/notre-histoire\/","og_site_name":"K\u00f6hlerpappen GmbH","article_modified_time":"2026-01-08T15:44:47+00:00","og_image":[{"width":607,"height":589,"url":"https:\/\/www.koehlerpappen.de\/wp-content\/uploads\/koehler-gebaeude-e1666596995564.png","type":"image\/png"}],"twitter_card":"summary_large_image","twitter_misc":{"Dur\u00e9e de lecture estim\u00e9e":"10 minutes"},"schema":{"@context":"https:\/\/schema.org","@graph":[{"@type":"WebPage","@id":"https:\/\/www.koehlerpappen.de\/fr\/entreprise\/notre-histoire\/","url":"https:\/\/www.koehlerpappen.de\/fr\/entreprise\/notre-histoire\/","name":"Notre histoire - K\u00f6hlerpappen GmbH","isPartOf":{"@id":"https:\/\/www.koehlerpappen.de\/fr\/#website"},"primaryImageOfPage":{"@id":"https:\/\/www.koehlerpappen.de\/fr\/entreprise\/notre-histoire\/#primaryimage"},"image":{"@id":"https:\/\/www.koehlerpappen.de\/fr\/entreprise\/notre-histoire\/#primaryimage"},"thumbnailUrl":"https:\/\/www.koehlerpappen.de\/wp-content\/uploads\/koehler-gebaeude-e1666596995564.png","datePublished":"2022-08-09T09:55:35+00:00","dateModified":"2026-01-08T15:44:47+00:00","description":"La fabrication du papier a une longue tradition \u00e0 Gengenbach, qui remonte au Moyen-\u00c2ge.","breadcrumb":{"@id":"https:\/\/www.koehlerpappen.de\/fr\/entreprise\/notre-histoire\/#breadcrumb"},"inLanguage":"fr-FR","potentialAction":[{"@type":"ReadAction","target":["https:\/\/www.koehlerpappen.de\/fr\/entreprise\/notre-histoire\/"]}]},{"@type":"ImageObject","inLanguage":"fr-FR","@id":"https:\/\/www.koehlerpappen.de\/fr\/entreprise\/notre-histoire\/#primaryimage","url":"https:\/\/www.koehlerpappen.de\/wp-content\/uploads\/koehler-gebaeude-e1666596995564.png","contentUrl":"https:\/\/www.koehlerpappen.de\/wp-content\/uploads\/koehler-gebaeude-e1666596995564.png","width":607,"height":589},{"@type":"BreadcrumbList","@id":"https:\/\/www.koehlerpappen.de\/fr\/entreprise\/notre-histoire\/#breadcrumb","itemListElement":[{"@type":"ListItem","position":1,"name":"Page d'accueil","item":"https:\/\/www.koehlerpappen.de\/fr\/accueil-koehlerpappen\/"},{"@type":"ListItem","position":2,"name":"Entreprise","item":"https:\/\/www.koehlerpappen.de\/fr\/entreprise\/"},{"@type":"ListItem","position":3,"name":"Notre histoire"}]},{"@type":"WebSite","@id":"https:\/\/www.koehlerpappen.de\/fr\/#website","url":"https:\/\/www.koehlerpappen.de\/fr\/","name":"K\u00f6hlerpappen GmbH","description":"","publisher":{"@id":"https:\/\/www.koehlerpappen.de\/fr\/#organization"},"potentialAction":[{"@type":"SearchAction","target":{"@type":"EntryPoint","urlTemplate":"https:\/\/www.koehlerpappen.de\/fr\/?s={search_term_string}"},"query-input":{"@type":"PropertyValueSpecification","valueRequired":true,"valueName":"search_term_string"}}],"inLanguage":"fr-FR"},{"@type":"Organization","@id":"https:\/\/www.koehlerpappen.de\/fr\/#organization","name":"K\u00f6hlerpappen GmbH","url":"https:\/\/www.koehlerpappen.de\/fr\/","logo":{"@type":"ImageObject","inLanguage":"fr-FR","@id":"https:\/\/www.koehlerpappen.de\/fr\/#\/schema\/logo\/image\/","url":"https:\/\/www.koehlerpappen.de\/wp-content\/uploads\/logo_koehlerpappen.svg","contentUrl":"https:\/\/www.koehlerpappen.de\/wp-content\/uploads\/logo_koehlerpappen.svg","width":134.22,"height":50.5,"caption":"K\u00f6hlerpappen GmbH"},"image":{"@id":"https:\/\/www.koehlerpappen.de\/fr\/#\/schema\/logo\/image\/"}}]}},"_links":{"self":[{"href":"https:\/\/www.koehlerpappen.de\/fr\/wp-json\/wp\/v2\/pages\/6870","targetHints":{"allow":["GET"]}}],"collection":[{"href":"https:\/\/www.koehlerpappen.de\/fr\/wp-json\/wp\/v2\/pages"}],"about":[{"href":"https:\/\/www.koehlerpappen.de\/fr\/wp-json\/wp\/v2\/types\/page"}],"author":[{"embeddable":true,"href":"https:\/\/www.koehlerpappen.de\/fr\/wp-json\/wp\/v2\/users\/8"}],"replies":[{"embeddable":true,"href":"https:\/\/www.koehlerpappen.de\/fr\/wp-json\/wp\/v2\/comments?post=6870"}],"version-history":[{"count":14,"href":"https:\/\/www.koehlerpappen.de\/fr\/wp-json\/wp\/v2\/pages\/6870\/revisions"}],"predecessor-version":[{"id":10985,"href":"https:\/\/www.koehlerpappen.de\/fr\/wp-json\/wp\/v2\/pages\/6870\/revisions\/10985"}],"up":[{"embeddable":true,"href":"https:\/\/www.koehlerpappen.de\/fr\/wp-json\/wp\/v2\/pages\/7488"}],"wp:featuredmedia":[{"embeddable":true,"href":"https:\/\/www.koehlerpappen.de\/fr\/wp-json\/wp\/v2\/media\/4694"}],"wp:attachment":[{"href":"https:\/\/www.koehlerpappen.de\/fr\/wp-json\/wp\/v2\/media?parent=6870"}],"curies":[{"name":"wp","href":"https:\/\/api.w.org\/{rel}","templated":true}]}}