{"id":6915,"date":"2021-02-28T17:41:08","date_gmt":"2021-02-28T16:41:08","guid":{"rendered":"https:\/\/www.koehlerpappen.de\/declaration-de-confidentialite\/"},"modified":"2026-03-26T11:50:35","modified_gmt":"2026-03-26T10:50:35","slug":"declaration-de-confidentialite","status":"publish","type":"page","link":"https:\/\/www.koehlerpappen.de\/fr\/declaration-de-confidentialite\/","title":{"rendered":"D\u00e9claration de confidentialit\u00e9"},"content":{"rendered":"\t\t<div data-elementor-type=\"wp-page\" data-elementor-id=\"6915\" class=\"elementor elementor-6915 elementor-3\" data-elementor-post-type=\"page\">\n\t\t\t\t\t\t<section class=\"elementor-section elementor-top-section elementor-element elementor-element-ef22625 elementor-section-boxed elementor-section-height-default elementor-section-height-default\" data-id=\"ef22625\" data-element_type=\"section\" data-e-type=\"section\" data-settings=\"{&quot;jet_parallax_layout_list&quot;:[]}\">\n\t\t\t\t\t\t<div class=\"elementor-container elementor-column-gap-default\">\n\t\t\t\t\t<div class=\"elementor-column elementor-col-100 elementor-top-column elementor-element elementor-element-f26ecee\" data-id=\"f26ecee\" data-element_type=\"column\" data-e-type=\"column\">\n\t\t\t<div class=\"elementor-widget-wrap elementor-element-populated\">\n\t\t\t\t\t\t\t<\/div>\n\t\t<\/div>\n\t\t\t\t\t<\/div>\n\t\t<\/section>\n\t\t\t\t<section class=\"elementor-section elementor-top-section elementor-element elementor-element-584a2d7 legal-text elementor-section-boxed elementor-section-height-default elementor-section-height-default\" data-id=\"584a2d7\" data-element_type=\"section\" data-e-type=\"section\" data-settings=\"{&quot;jet_parallax_layout_list&quot;:[]}\">\n\t\t\t\t\t\t<div class=\"elementor-container elementor-column-gap-default\">\n\t\t\t\t\t<div class=\"elementor-column elementor-col-100 elementor-top-column elementor-element elementor-element-00dc05b\" data-id=\"00dc05b\" data-element_type=\"column\" data-e-type=\"column\">\n\t\t\t<div class=\"elementor-widget-wrap elementor-element-populated\">\n\t\t\t\t\t\t<div class=\"elementor-element elementor-element-e9d116d elementor-widget elementor-widget-text-editor\" data-id=\"e9d116d\" data-element_type=\"widget\" data-e-type=\"widget\" data-widget_type=\"text-editor.default\">\n\t\t\t\t<div class=\"elementor-widget-container\">\n\t\t\t\t\t\t\t\t\t<h2>1. la protection des donn\u00e9es en un coup d&rsquo;\u0153il<\/h2><h3>Remarques g\u00e9n\u00e9rales<\/h3><p>Les remarques suivantes donnent un aper\u00e7u simple de ce qui se passe avec vos donn\u00e9es personnelles lorsque vous visitez ce site web. Les donn\u00e9es personnelles sont toutes les donn\u00e9es qui permettent de vous identifier personnellement. Vous trouverez des informations d\u00e9taill\u00e9es sur le th\u00e8me de la protection des donn\u00e9es dans notre d\u00e9claration de protection des donn\u00e9es figurant sous ce texte.<\/p><h3>Collecte des donn\u00e9es sur ce site web<\/h3><h4>Qui est responsable de la collecte des donn\u00e9es sur ce site web ?<\/h4><p>Le traitement des donn\u00e9es sur ce site web est effectu\u00e9 par l&rsquo;exploitant du site web. Vous trouverez ses coordonn\u00e9es dans la section \u00ab Informations sur le responsable du traitement \u00bb de la pr\u00e9sente d\u00e9claration de protection des donn\u00e9es.<\/p><h4>Comment collectons-nous vos donn\u00e9es ?<\/h4><p>Vos donn\u00e9es sont collect\u00e9es, d&rsquo;une part, lorsque vous nous les communiquez. Il peut s&rsquo;agir par exemple de donn\u00e9es que vous saisissez dans un formulaire de contact.<\/p><p>D&rsquo;autres donn\u00e9es sont collect\u00e9es automatiquement ou apr\u00e8s votre accord par nos syst\u00e8mes informatiques lorsque vous visitez le site web. Il s&rsquo;agit principalement de donn\u00e9es techniques (par exemple le navigateur Internet, le syst\u00e8me d&rsquo;exploitation ou l&rsquo;heure de consultation de la page). La saisie de ces donn\u00e9es s&rsquo;effectue automatiquement d\u00e8s que vous acc\u00e9dez \u00e0 ce site web.<\/p><h4>Dans quel but utilisons-nous vos donn\u00e9es ?<\/h4><p>Une partie des donn\u00e9es est collect\u00e9e afin de garantir une mise \u00e0 disposition sans erreur du site web. D&rsquo;autres donn\u00e9es peuvent \u00eatre utilis\u00e9es pour analyser votre comportement d&rsquo;utilisateur. Dans la mesure o\u00f9 des contrats peuvent \u00eatre conclus ou initi\u00e9s par le biais du site web, des donn\u00e9es sont collect\u00e9es et trait\u00e9es.<\/p><h3>Outils d&rsquo;analyse et outils de prestataires tiers<\/h3><p>Lorsque vous visitez ce site web, votre comportement de navigation peut \u00eatre \u00e9valu\u00e9 statistiquement. Cela se fait principalement \u00e0 l&rsquo;aide de ce que l&rsquo;on appelle des programmes d&rsquo;analyse.<\/p><p>Vous trouverez des informations d\u00e9taill\u00e9es sur ces programmes d&rsquo;analyse dans la d\u00e9claration de protection des donn\u00e9es suivante.<\/p>\t\t\t\t\t\t\t\t<\/div>\n\t\t\t\t<\/div>\n\t\t\t\t<div class=\"elementor-element elementor-element-205072c elementor-widget elementor-widget-text-editor\" data-id=\"205072c\" data-element_type=\"widget\" data-e-type=\"widget\" data-widget_type=\"text-editor.default\">\n\t\t\t\t<div class=\"elementor-widget-container\">\n\t\t\t\t\t\t\t\t\t<h2>2. indications g\u00e9n\u00e9rales et informations obligatoires<\/h2>\n<h3>Protection des donn\u00e9es<\/h3>\n<p>Les exploitants de ces pages prennent tr\u00e8s au s\u00e9rieux la protection de vos donn\u00e9es personnelles. Nous traitons vos donn\u00e9es personnelles de mani\u00e8re confidentielle et conform\u00e9ment aux dispositions l\u00e9gales en mati\u00e8re de protection des donn\u00e9es ainsi qu&rsquo;\u00e0 la pr\u00e9sente d\u00e9claration de protection des donn\u00e9es.<\/p>\n<p>Lorsque vous utilisez ce site web, diff\u00e9rentes donn\u00e9es personnelles sont collect\u00e9es. Les donn\u00e9es personnelles sont des donn\u00e9es qui permettent de vous identifier personnellement. La pr\u00e9sente d\u00e9claration de confidentialit\u00e9 explique quelles donn\u00e9es nous collectons et \u00e0 quelles fins nous les utilisons. Elle explique \u00e9galement comment et dans quel but nous le faisons.<\/p>\n<p>Nous attirons votre attention sur le fait que la transmission de donn\u00e9es sur Internet (par ex. lors de la communication par e-mail) peut pr\u00e9senter des failles de s\u00e9curit\u00e9. Une protection sans faille des donn\u00e9es contre l&rsquo;acc\u00e8s par des tiers n&rsquo;est pas possible.<\/p>\n<h3>Remarque sur le service responsable<\/h3>\n<p>Le service responsable du traitement des donn\u00e9es sur ce site web est :<\/p>\n<p>K\u00f6hlerpappen GmbH<br>Gr\u00fcnstra\u00dfe 4<br>77723 Gengenbach\/For\u00eat-Noire<\/p>\n<p>T\u00e9l\u00e9phone : +49 (0) 78 03 \/ 809-0<br>E-mail : info@koehlerboard.com<\/p>\n<p>Le responsable du traitement est la personne physique ou morale qui, seule ou conjointement avec d&rsquo;autres, d\u00e9termine les finalit\u00e9s et les moyens du traitement des donn\u00e9es \u00e0 caract\u00e8re personnel (par exemple, les noms, les adresses \u00e9lectroniques ou autres).<\/p>\n<h3>Dur\u00e9e de stockage<\/h3>\n<p>Dans la mesure o\u00f9 aucune dur\u00e9e de stockage sp\u00e9cifique n&rsquo;a \u00e9t\u00e9 mentionn\u00e9e dans la pr\u00e9sente d\u00e9claration de protection des donn\u00e9es, vos donn\u00e9es \u00e0 caract\u00e8re personnel resteront chez nous jusqu&rsquo;\u00e0 ce que la finalit\u00e9 du traitement des donn\u00e9es n&rsquo;ait plus lieu d&rsquo;\u00eatre. Si vous faites valoir une demande l\u00e9gitime d&rsquo;effacement ou si vous r\u00e9voquez votre consentement au traitement des donn\u00e9es, vos donn\u00e9es seront effac\u00e9es, \u00e0 moins que nous n&rsquo;ayons d&rsquo;autres raisons l\u00e9galement valables de conserver vos donn\u00e9es personnelles (par ex. d\u00e9lais de conservation en vertu du droit fiscal ou commercial) ; dans ce dernier cas, l&rsquo;effacement aura lieu apr\u00e8s la disparition de ces raisons.<\/p>\n<h3>Remarques g\u00e9n\u00e9rales sur les bases juridiques du traitement des donn\u00e9es sur ce site web<\/h3>\n<p>Dans la mesure o\u00f9 vous avez donn\u00e9 votre consentement au traitement des donn\u00e9es, nous traitons vos donn\u00e9es personnelles sur la base de l&rsquo;article 6, paragraphe 1, point a) du RGPD ou de l&rsquo;article 9, paragraphe 2, point a) du RGPD, dans la mesure o\u00f9 des cat\u00e9gories particuli\u00e8res de donn\u00e9es sont trait\u00e9es conform\u00e9ment \u00e0 l&rsquo;article 9, paragraphe 1 du RGPD. En cas de consentement explicite au transfert de donn\u00e9es \u00e0 caract\u00e8re personnel vers des pays tiers, le traitement des donn\u00e9es s&rsquo;effectue en outre sur la base de l&rsquo;article 49, paragraphe 1, point a) du RGPD. Si vous avez consenti \u00e0 l&rsquo;enregistrement de cookies ou \u00e0 l&rsquo;acc\u00e8s \u00e0 des informations dans votre terminal (par ex. via Device-Fingerprinting), le traitement des donn\u00e9es s&rsquo;effectue en outre sur la base de l&rsquo;article 25, paragraphe 1, de la loi TDDDG. Ce consentement est r\u00e9vocable \u00e0 tout moment. Si vos donn\u00e9es sont n\u00e9cessaires \u00e0 l&rsquo;ex\u00e9cution d&rsquo;un contrat ou \u00e0 la mise en \u0153uvre de mesures pr\u00e9contractuelles, elles sont trait\u00e9es dans le cadre d&rsquo;un contrat.<\/p>\n<h3>D\u00e9l\u00e9gu\u00e9 \u00e0 la protection des donn\u00e9es<\/h3>\n<p>Nous avons d\u00e9sign\u00e9 un d\u00e9l\u00e9gu\u00e9 \u00e0 la protection des donn\u00e9es.<\/p>\n<p>Rechtsanw\u00e4lte Kleine \u2013 Herr Georg Kleine<br>Eisenbahnstra\u00dfe 3<br>D-79346 Endingen am Kaiserstuhl<\/p>\n<p>T\u00e9l\u00e9phone : +49 (0)7642 7015<br>E-mail : info@kanzlei-endingen.de<\/p>\n<h3>Destinataires des donn\u00e9es \u00e0 caract\u00e8re personnel<\/h3>\n<p>Dans le cadre de notre activit\u00e9 commerciale, nous collaborons avec diff\u00e9rents services externes. Dans ce cadre, il est parfois n\u00e9cessaire de transmettre des donn\u00e9es \u00e0 caract\u00e8re personnel \u00e0 ces organismes externes. Nous ne transmettons des donn\u00e9es \u00e0 caract\u00e8re personnel \u00e0 des organismes externes que si cela est n\u00e9cessaire dans le cadre de l&rsquo;ex\u00e9cution d&rsquo;un contrat, si nous y sommes contraints par la loi (par ex. transmission de donn\u00e9es aux autorit\u00e9s fiscales), si nous avons un int\u00e9r\u00eat l\u00e9gitime \u00e0 la transmission conform\u00e9ment \u00e0 l&rsquo;article 6, paragraphe 1, point f du RGPD ou si une autre base juridique autorise la transmission des donn\u00e9es. En cas de recours \u00e0 des sous-traitants, nous ne transmettons les donn\u00e9es \u00e0 caract\u00e8re personnel de nos clients que sur la base d&rsquo;un contrat de traitement des commandes valable. En cas de traitement conjoint, un contrat de traitement conjoint est conclu.<\/p>\n<h3>R\u00e9vocation de votre consentement au traitement des donn\u00e9es<\/h3>\n<p>De nombreuses op\u00e9rations de traitement des donn\u00e9es ne sont possibles qu&rsquo;avec votre consentement explicite. Vous pouvez r\u00e9voquer \u00e0 tout moment un consentement d\u00e9j\u00e0 donn\u00e9. La l\u00e9galit\u00e9 du traitement des donn\u00e9es effectu\u00e9 jusqu&rsquo;\u00e0 la r\u00e9vocation n&rsquo;est pas affect\u00e9e par la r\u00e9vocation.<\/p>\n<h3>Droit d&rsquo;opposition \u00e0 la collecte de donn\u00e9es dans des cas particuliers et \u00e0 la publicit\u00e9 directe (art. 21 RGPD)<\/h3>\n<p>SI LE TRAITEMENT DES DONNEES EST FAIT SUR LA BASE DE L&rsquo;ART. 6 ABS. 1 LIT. E OU F DU RGPD, VOUS AVEZ LE DROIT DE VOUS OPPOSER \u00c0 TOUT MOMENT, POUR DES RAISONS TENANT \u00c0 VOTRE SITUATION PARTICULI\u00c8RE, AU TRAITEMENT DE VOS DONN\u00c9ES \u00c0 CARACT\u00c8RE PERSONNEL ; CELA VAUT \u00c9GALEMENT POUR LE PROFILAGE FOND\u00c9 SUR CES DISPOSITIONS. VOUS TROUVEREZ DANS LA PR\u00c9SENTE D\u00c9CLARATION DE PROTECTION DES DONN\u00c9ES LES BASES JURIDIQUES RESPECTIVES SUR LESQUELLES SE FONDE UN TRAITEMENT. SI VOUS VOUS Y OPPOSEZ, NOUS NE TRAITERONS PLUS VOS DONN\u00c9ES PERSONNELLES CONCERN\u00c9ES, \u00c0 MOINS QUE NOUS PUISSIONS D\u00c9MONTRER DES RAISONS IMP\u00c9RIEUSES ET L\u00c9GITIMES POUR LE TRAITEMENT QUI PR\u00c9VALENT SUR VOS INT\u00c9R\u00caTS, VOS DROITS ET VOS LIBERT\u00c9S, OU QUE LE TRAITEMENT SERVE \u00c0 FAIRE VALOIR, EXERCER OU D\u00c9FENDRE DES DROITS L\u00c9GAUX (OPPOSITION \u00c0 L&rsquo;ARTICLE 21, PARAGRAPHE 1, DU RGPD).<\/p>\n<p>SI VOS DONN\u00c9ES PERSONNELLES SONT TRAIT\u00c9ES \u00c0 DES FINS DE PUBLICIT\u00c9 DIRECTE, VOUS AVEZ LE DROIT DE VOUS OPPOSER \u00c0 TOUT MOMENT AU TRAITEMENT DES DONN\u00c9ES PERSONNELLES VOUS CONCERNANT \u00c0 DE TELLES FINS DE PUBLICIT\u00c9 ; CECI S&rsquo;APPLIQUE \u00c9GALEMENT AU PROFILAGE DANS LA MESURE O\u00d9 IL EST LI\u00c9 \u00c0 UNE TELLE PUBLICIT\u00c9 DIRECTE. SI VOUS VOUS Y OPPOSEZ, VOS DONN\u00c9ES PERSONNELLES NE SERONT PLUS UTILIS\u00c9ES \u00c0 DES FINS DE PROSPECTION DIRECTE (OPPOSITION CONFORM\u00c9MENT \u00c0 L&rsquo;ARTICLE 21, PARAGRAPHE 2, DU DSGVO).<\/p>\n<h3>Droit de recours aupr\u00e8s de l&rsquo;autorit\u00e9 de surveillance comp\u00e9tente<\/h3>\n<p>En cas de violation du RGPD, les personnes concern\u00e9es disposent d&rsquo;un droit de recours aupr\u00e8s d&rsquo;une autorit\u00e9 de surveillance, notamment dans l&rsquo;\u00c9tat membre de leur r\u00e9sidence habituelle, de leur lieu de travail ou du lieu de la violation pr\u00e9sum\u00e9e. Ce droit de recours s&rsquo;exerce sans pr\u00e9judice de tout autre recours administratif ou judiciaire.<\/p>\n<h3>Droit \u00e0 la portabilit\u00e9 des donn\u00e9es<\/h3>\n<p>Vous avez le droit de vous faire remettre ou de faire remettre \u00e0 un tiers, dans un format courant et lisible par machine, les donn\u00e9es que nous traitons de mani\u00e8re automatis\u00e9e sur la base de votre consentement ou en ex\u00e9cution d&rsquo;un contrat. Si vous demandez la transmission directe des donn\u00e9es \u00e0 un autre responsable, cela ne se fera que dans la mesure o\u00f9 cela est techniquement possible.<\/p>\n<h3>Information, rectification et suppression<\/h3>\n<p>Dans le cadre des dispositions l\u00e9gales en vigueur, vous avez \u00e0 tout moment le droit d&rsquo;obtenir gratuitement des informations sur vos donn\u00e9es personnelles enregistr\u00e9es, leur origine et leur destinataire ainsi que sur la finalit\u00e9 du traitement des donn\u00e9es et, le cas \u00e9ch\u00e9ant, un droit de rectification ou de suppression de ces donn\u00e9es. Pour ce faire, ainsi que pour toute autre question relative aux donn\u00e9es personnelles, vous pouvez nous contacter \u00e0 tout moment.<\/p>\n<h3>Droit \u00e0 la limitation du traitement<\/h3>\n<p>Vous avez le droit de demander la limitation du traitement de vos donn\u00e9es personnelles. Pour ce faire, vous pouvez nous contacter \u00e0 tout moment. Le droit \u00e0 la limitation du traitement existe dans les cas suivants :<\/p>\n<ul>\n<li>Si vous contestez l&rsquo;exactitude de vos donn\u00e9es \u00e0 caract\u00e8re personnel enregistr\u00e9es chez nous, nous avons g\u00e9n\u00e9ralement besoin de temps pour le v\u00e9rifier. Pendant la dur\u00e9e de la v\u00e9rification, vous avez le droit de demander la limitation du traitement de vos donn\u00e9es \u00e0 caract\u00e8re personnel.<\/li>\n<li>Si le traitement de vos donn\u00e9es personnelles s&rsquo;est produit\/se produit de mani\u00e8re ill\u00e9gale, vous pouvez demander la limitation du traitement des donn\u00e9es au lieu de leur suppression.<\/li>\n<li>Si nous n&rsquo;avons plus besoin de vos donn\u00e9es \u00e0 caract\u00e8re personnel, mais que vous en avez besoin pour exercer, d\u00e9fendre ou faire valoir des droits juridiques, vous avez le droit de demander la limitation du traitement de vos donn\u00e9es \u00e0 caract\u00e8re personnel au lieu de leur suppression.<\/li>\n<li>Si vous avez fait opposition conform\u00e9ment \u00e0 l&rsquo;article 21, paragraphe 1, du RGPD, une mise en balance de vos int\u00e9r\u00eats et des n\u00f4tres doit \u00eatre effectu\u00e9e. Tant qu&rsquo;il n&rsquo;a pas \u00e9t\u00e9 d\u00e9termin\u00e9 quels int\u00e9r\u00eats pr\u00e9valent, vous avez le droit d&rsquo;exiger la limitation du traitement de vos donn\u00e9es personnelles.<\/li>\n<\/ul>\n<p>Si vous avez limit\u00e9 le traitement de vos donn\u00e9es \u00e0 caract\u00e8re personnel, ces donn\u00e9es &#8211; \u00e0 l&rsquo;exception de leur conservation &#8211; ne peuvent \u00eatre trait\u00e9es qu&rsquo;avec votre consentement ou pour la constatation, l&rsquo;exercice ou la d\u00e9fense de droits en justice ou pour la protection des droits d&rsquo;une autre personne physique ou morale, ou encore pour un motif d&rsquo;int\u00e9r\u00eat public important de l&rsquo;Union europ\u00e9enne ou d&rsquo;un \u00c9tat membre.<\/p>\n<h3>Opposition aux e-mails publicitaires<\/h3>\n<p>L&rsquo;utilisation des donn\u00e9es de contact publi\u00e9es dans le cadre des mentions l\u00e9gales obligatoires pour l&rsquo;envoi de publicit\u00e9 et de mat\u00e9riel d&rsquo;information non express\u00e9ment demand\u00e9s est ici interdite. Les exploitants des pages se r\u00e9servent express\u00e9ment le droit d&rsquo;engager des poursuites judiciaires en cas d&rsquo;envoi non sollicit\u00e9 d&rsquo;informations publicitaires, par exemple par le biais de spams.<\/p>\t\t\t\t\t\t\t\t<\/div>\n\t\t\t\t<\/div>\n\t\t\t\t<div class=\"elementor-element elementor-element-0cf0a76 elementor-widget elementor-widget-text-editor\" data-id=\"0cf0a76\" data-element_type=\"widget\" data-e-type=\"widget\" data-widget_type=\"text-editor.default\">\n\t\t\t\t<div class=\"elementor-widget-container\">\n\t\t\t\t\t\t\t\t\t<h2>3. collecte de donn\u00e9es sur ce site<\/h2><h3>cookies<\/h3><p>Nos pages Internet utilisent ce que l&rsquo;on appelle des \u00ab cookies \u00bb. Les cookies sont de petits paquets de donn\u00e9es qui ne causent aucun dommage \u00e0 votre terminal. Ils sont enregistr\u00e9s sur votre terminal soit temporairement pour la dur\u00e9e d&rsquo;une session (cookies de session), soit durablement (cookies permanents). Les cookies de session sont automatiquement supprim\u00e9s \u00e0 la fin de votre visite. Les cookies permanents restent enregistr\u00e9s sur votre terminal jusqu&rsquo;\u00e0 ce que vous les supprimiez vous-m\u00eame ou qu&rsquo;une suppression automatique soit effectu\u00e9e par votre navigateur web.<\/p><p>Les cookies peuvent provenir de nous (cookies de premi\u00e8re partie) ou d&rsquo;entreprises tierces (cookies dits de troisi\u00e8me partie). Les cookies tiers permettent l&rsquo;int\u00e9gration de certains services d&rsquo;entreprises tierces au sein des pages web (par exemple, les cookies pour le traitement des services de paiement).<\/p><p>Les cookies ont diff\u00e9rentes fonctions. De nombreux cookies sont techniquement n\u00e9cessaires, car certaines fonctions du site web ne fonctionneraient pas sans eux (par exemple la fonction de panier d&rsquo;achat ou l&rsquo;affichage de vid\u00e9os). D&rsquo;autres cookies peuvent \u00eatre utilis\u00e9s pour \u00e9valuer le comportement de l&rsquo;utilisateur ou \u00e0 des fins publicitaires.<\/p><p>Les cookies n\u00e9cessaires \u00e0 l&rsquo;ex\u00e9cution du processus de communication \u00e9lectronique, \u00e0 la mise \u00e0 disposition de certaines fonctions que vous souhaitez (par ex. pour la fonction de panier d&rsquo;achat) ou \u00e0 l&rsquo;optimisation du site web (par ex. cookies de mesure d&rsquo;audience du web) (cookies n\u00e9cessaires) sont enregistr\u00e9s sur la base de l&rsquo;article 6, paragraphe 1, point f du RGPD, sauf si une autre base juridique est indiqu\u00e9e. L&rsquo;exploitant du site web a un int\u00e9r\u00eat l\u00e9gitime \u00e0 l&rsquo;enregistrement des cookies n\u00e9cessaires pour une mise \u00e0 disposition de ses services sans erreur technique et optimis\u00e9e. Si un consentement a \u00e9t\u00e9 demand\u00e9 pour le stockage de cookies et de technologies de reconnaissance comparables, le traitement est effectu\u00e9 exclusivement sur la base de ce consentement (article 6, paragraphe 1, point a) du RGPD et article 25, paragraphe 1 de la TDDDG) ; le consentement peut \u00eatre r\u00e9voqu\u00e9 \u00e0 tout moment.<\/p><p>Vous pouvez configurer votre navigateur de mani\u00e8re \u00e0 \u00eatre inform\u00e9 de l&rsquo;installation de cookies et \u00e0 n&rsquo;autoriser les cookies qu&rsquo;au cas par cas, \u00e0 exclure l&rsquo;acceptation de cookies pour certains cas ou de mani\u00e8re g\u00e9n\u00e9rale, et \u00e0 activer la suppression automatique des cookies \u00e0 la fermeture du navigateur. En cas de d\u00e9sactivation des cookies, la fonctionnalit\u00e9 de ce site web peut \u00eatre limit\u00e9e.<\/p><p>Pour savoir quels cookies et services sont utilis\u00e9s sur ce site web, veuillez consulter la pr\u00e9sente d\u00e9claration de protection des donn\u00e9es.<\/p><h3>Fichiers journaux du serveur<\/h3><p>Le fournisseur des pages recueille et enregistre automatiquement des informations dans des fichiers journaux du serveur que votre navigateur nous transmet automatiquement. Il s&rsquo;agit de:<\/p><ul><li>le type et la version du navigateur<\/li><li>le syst\u00e8me d&rsquo;exploitation utilis\u00e9<\/li><li>URL de r\u00e9f\u00e9rence<\/li><li>nom d&rsquo;h\u00f4te de l&rsquo;ordinateur qui acc\u00e8de au site<\/li><li>Heure de la demande du serveur<\/li><li>Adresse IP<\/li><\/ul><p>Ces donn\u00e9es ne sont pas recoup\u00e9es avec d&rsquo;autres sources de donn\u00e9es.<\/p><p>La collecte de ces donn\u00e9es s&rsquo;effectue sur la base de l&rsquo;article 6, paragraphe 1, point f du RGPD. L&rsquo;exploitant du site web a un int\u00e9r\u00eat l\u00e9gitime \u00e0 ce que son site web soit pr\u00e9sent\u00e9 sans erreur technique et \u00e0 ce qu&rsquo;il soit optimis\u00e9 &#8211; pour cela, les fichiers journaux du serveur doivent \u00eatre collect\u00e9s.<\/p><h3>Enregistrement sur ce site web<\/h3><p>Vous pouvez vous enregistrer sur ce site web afin d&rsquo;utiliser des fonctions suppl\u00e9mentaires sur le site. Nous n&rsquo;utilisons les donn\u00e9es saisies \u00e0 cet effet que dans le but d&rsquo;utiliser l&rsquo;offre ou le service respectif pour lequel vous vous \u00eates enregistr\u00e9. Les donn\u00e9es obligatoires demand\u00e9es lors de l&rsquo;enregistrement doivent \u00eatre fournies dans leur int\u00e9gralit\u00e9. Dans le cas contraire, nous refuserons l&rsquo;enregistrement.<\/p><p>En cas de modifications importantes, par exemple en ce qui concerne l&rsquo;\u00e9tendue de l&rsquo;offre ou les modifications n\u00e9cessaires sur le plan technique, nous utilisons l&rsquo;adresse e-mail indiqu\u00e9e lors de l&rsquo;enregistrement pour vous en informer par ce biais.<\/p><p>Le traitement des donn\u00e9es saisies lors de l&rsquo;enregistrement a lieu dans le but d&rsquo;ex\u00e9cuter la relation d&rsquo;utilisation \u00e9tablie par l&rsquo;enregistrement et, le cas \u00e9ch\u00e9ant, d&rsquo;initier d&rsquo;autres contrats (article 6, paragraphe 1, point b du RGPD).<\/p><p>Les donn\u00e9es saisies lors de l&rsquo;enregistrement sont conserv\u00e9es par nos soins tant que vous \u00eates enregistr\u00e9 sur ce site web et sont ensuite effac\u00e9es. Les d\u00e9lais de conservation l\u00e9gaux ne sont pas affect\u00e9s.<\/p>\t\t\t\t\t\t\t\t<\/div>\n\t\t\t\t<\/div>\n\t\t\t\t<div class=\"elementor-element elementor-element-dc240fd elementor-widget elementor-widget-text-editor\" data-id=\"dc240fd\" data-element_type=\"widget\" data-e-type=\"widget\" data-widget_type=\"text-editor.default\">\n\t\t\t\t<div class=\"elementor-widget-container\">\n\t\t\t\t\t\t\t\t\t<h2>4. outils d&rsquo;analyse et publicit\u00e9<\/h2><h3>Google Analytics<\/h3><p>Ce site web utilise les fonctions du service d&rsquo;analyse web Google Analytics. Le fournisseur est Google Ireland Limited (\u00ab Google \u00bb), Gordon House, Barrow Street, Dublin 4, Irlande.<\/p><p>Google Analytics permet \u00e0 l&rsquo;exploitant du site web d&rsquo;analyser le comportement des visiteurs du site. Pour ce faire, l&rsquo;exploitant du site web re\u00e7oit diff\u00e9rentes donn\u00e9es d&rsquo;utilisation, comme par exemple les pages consult\u00e9es, la dur\u00e9e de la visite, les syst\u00e8mes d&rsquo;exploitation utilis\u00e9s et l&rsquo;origine de l&rsquo;utilisateur. Ces donn\u00e9es sont attribu\u00e9es au terminal respectif de l&rsquo;utilisateur. Il n&rsquo;y a pas d&rsquo;attribution \u00e0 un identifiant d&rsquo;utilisateur.<\/p><p>Google Analytics utilise des technologies qui permettent de reconna\u00eetre l&rsquo;utilisateur \u00e0 des fins d&rsquo;analyse du comportement de l&rsquo;utilisateur (par ex. cookies ou empreintes digitales). Les informations collect\u00e9es par Google sur l&rsquo;utilisation de ce site web sont g\u00e9n\u00e9ralement transmises \u00e0 un serveur de Google aux \u00c9tats-Unis et y sont enregistr\u00e9es.<\/p><p>L&rsquo;utilisation de ce service se fait sur la base de votre consentement conform\u00e9ment \u00e0 l&rsquo;article 6, paragraphe 1, point a) du RGPD et \u00e0 l&rsquo;article 25, paragraphe 1 de la TDDDG. Ce consentement peut \u00eatre r\u00e9voqu\u00e9 \u00e0 tout moment.<\/p><p>Le transfert de donn\u00e9es vers les \u00c9tats-Unis est bas\u00e9 sur les clauses contractuelles standard de la Commission europ\u00e9enne. Vous trouverez des d\u00e9tails ici : <a href=\"https:\/\/privacy.google.com\/businesses\/controllerterms\/mccs\/\">https:\/\/privacy.google.com\/businesses\/controllerterms\/mccs\/<\/a>.<\/p><p>L&rsquo;entreprise dispose d&rsquo;une certification selon le \u00ab EU-US Data Privacy Framework \u00bb (DPF). Le DPF est un accord entre l&rsquo;Union europ\u00e9enne et les \u00c9tats-Unis visant \u00e0 garantir le respect des normes europ\u00e9ennes en mati\u00e8re de protection des donn\u00e9es lors du traitement des donn\u00e9es aux \u00c9tats-Unis. Toute entreprise certifi\u00e9e selon le DPF s&rsquo;engage \u00e0 respecter ces normes de protection des donn\u00e9es. Pour plus d&rsquo;informations \u00e0 ce sujet, veuillez contacter le fournisseur en cliquant sur le lien suivant : <a href=\"https:\/\/www.dataprivacyframework.gov\/participant\/5780\">https:\/\/www.dataprivacyframework.gov\/participant\/5780<\/a>.<\/p><h4>Plugin de navigateur<\/h4><p>Vous pouvez emp\u00eacher la saisie et le traitement de vos donn\u00e9es par Google en t\u00e9l\u00e9chargeant et en installant le plugin de navigateur disponible sous le lien suivant : <a href=\"https:\/\/tools.google.com\/dlpage\/gaoptout?hl=fr\">https:\/\/tools.google.com\/dlpage\/gaoptout?hl=fr<\/a>.<\/p><p>Vous trouverez plus d&rsquo;informations sur le traitement des donn\u00e9es des utilisateurs par Google Analytics dans la d\u00e9claration de confidentialit\u00e9 de Google : <a href=\"https:\/\/support.google.com\/analytics\/answer\/6004245?hl=fr\">https:\/\/support.google.com\/analytics\/answer\/6004245?hl=fr<\/a>.<\/p><h4>Traitement des commandes<\/h4><p>Nous avons conclu un contrat de traitement des commandes avec Google et appliquons int\u00e9gralement les directives strictes des autorit\u00e9s allemandes de protection des donn\u00e9es lors de l&rsquo;utilisation de Google Analytics.<\/p>\t\t\t\t\t\t\t\t<\/div>\n\t\t\t\t<\/div>\n\t\t\t\t<div class=\"elementor-element elementor-element-02e6e2b elementor-widget elementor-widget-text-editor\" data-id=\"02e6e2b\" data-element_type=\"widget\" data-e-type=\"widget\" data-widget_type=\"text-editor.default\">\n\t\t\t\t<div class=\"elementor-widget-container\">\n\t\t\t\t\t\t\t\t\t<h2>5. plugins et outils<\/h2><h3>Google Fonts<\/h3><p>Ce site utilise ce que l&rsquo;on appelle les Google Fonts, mis \u00e0 disposition par Google, pour l&rsquo;affichage uniforme des polices de caract\u00e8res. Lorsque vous consultez une page, votre navigateur charge les polices n\u00e9cessaires dans le cache de votre navigateur afin d&rsquo;afficher correctement les textes et les polices.<\/p><p>Pour ce faire, le navigateur que vous utilisez doit se connecter aux serveurs de Google. Google est ainsi inform\u00e9 que ce site web a \u00e9t\u00e9 consult\u00e9 via votre adresse IP. L&rsquo;utilisation de Google Fonts est bas\u00e9e sur l&rsquo;article 6, paragraphe 1, point f du RGPD. L&rsquo;exploitant du site web a un int\u00e9r\u00eat l\u00e9gitime \u00e0 la repr\u00e9sentation uniforme de la police de caract\u00e8res sur son site web. Si un consentement correspondant a \u00e9t\u00e9 demand\u00e9, le traitement s&rsquo;effectue exclusivement sur la base de l&rsquo;article 6, paragraphe 1, point a), du RGPD et de l&rsquo;article 25, paragraphe 1, de la loi TDDDG, dans la mesure o\u00f9 le consentement inclut le stockage de cookies ou l&rsquo;acc\u00e8s \u00e0 des informations dans le terminal de l&rsquo;utilisateur (par ex. Device-Fingerprinting) au sens de la loi TDDDG. Le consentement est r\u00e9vocable \u00e0 tout moment.<\/p><p>Si votre navigateur ne supporte pas Google Fonts, une police standard est utilis\u00e9e par votre ordinateur.<\/p><p>Vous trouverez plus d&rsquo;informations sur Google Fonts sur https:\/\/developers.google.com\/fonts\/faq et dans la d\u00e9claration de confidentialit\u00e9 de Google : <a href=\"https:\/\/policies.google.com\/privacy?hl=fr\">https:\/\/policies.google.com\/privacy?hl=fr<\/a>.<\/p><p>L&rsquo;entreprise dispose d&rsquo;une certification selon le \u00ab EU-US Data Privacy Framework \u00bb (DPF). Le DPF est un accord entre l&rsquo;Union europ\u00e9enne et les \u00c9tats-Unis visant \u00e0 garantir le respect des normes europ\u00e9ennes en mati\u00e8re de protection des donn\u00e9es lors du traitement des donn\u00e9es aux \u00c9tats-Unis. Toute entreprise certifi\u00e9e selon le DPF s&rsquo;engage \u00e0 respecter ces normes de protection des donn\u00e9es. Pour plus d&rsquo;informations \u00e0 ce sujet, veuillez contacter le fournisseur en cliquant sur le lien suivant : <a href=\"https:\/\/www.dataprivacyframework.gov\/participant\/5780\">https:\/\/www.dataprivacyframework.gov\/participant\/5780<\/a>.<\/p><h3>Google Maps<\/h3><p>Ce site utilise le service de cartographie Google Maps. Le fournisseur est Google Ireland Limited (\u00ab Google \u00bb), Gordon House, Barrow Street, Dublin 4, Irlande. Ce service nous permet d&rsquo;int\u00e9grer des cartes sur notre site.<\/p><p>Pour utiliser les fonctions de Google Maps, il est n\u00e9cessaire d&rsquo;enregistrer votre adresse IP. Cette information est g\u00e9n\u00e9ralement transmise \u00e0 un serveur de Google aux \u00c9tats-Unis et y est enregistr\u00e9e. Le fournisseur de ce site n&rsquo;a aucune influence sur cette transmission de donn\u00e9es. Si Google Maps est activ\u00e9, Google peut utiliser les polices de caract\u00e8res Google Fonts \u00e0 des fins d&rsquo;affichage uniforme. Lors de l&rsquo;appel de Google Maps, votre navigateur charge les Web Fonts n\u00e9cessaires dans le cache de votre navigateur afin d&rsquo;afficher correctement les textes et les polices.<\/p><p>L&rsquo;utilisation de Google Maps a lieu dans l&rsquo;int\u00e9r\u00eat d&rsquo;une pr\u00e9sentation agr\u00e9able de nos offres en ligne et d&rsquo;une recherche facile des lieux que nous avons indiqu\u00e9s sur le site web. Cela repr\u00e9sente un int\u00e9r\u00eat l\u00e9gitime au sens de l&rsquo;article 6, paragraphe 1, point f) du RGPD. Dans la mesure o\u00f9 un consentement correspondant a \u00e9t\u00e9 demand\u00e9, le traitement s&rsquo;effectue exclusivement sur la base de l&rsquo;article 6, paragraphe 1, point a), du RGPD et de l&rsquo;article 25, paragraphe 1, de la loi TDDDG, dans la mesure o\u00f9 le consentement inclut le stockage de cookies ou l&rsquo;acc\u00e8s \u00e0 des informations dans le terminal de l&rsquo;utilisateur (par ex. Device-Fingerprinting) au sens de la loi TDDDG. Le consentement est r\u00e9vocable \u00e0 tout moment.<\/p><p>Le transfert de donn\u00e9es vers les \u00c9tats-Unis est bas\u00e9 sur les clauses contractuelles standard de la Commission europ\u00e9enne. Vous trouverez des d\u00e9tails ici : https:\/\/privacy.google.com\/businesses\/gdprcontrollerterms\/ et https:\/\/privacy.google.com\/businesses\/gdprcontrollerterms\/sccs\/.<\/p><p>Vous trouverez plus d&rsquo;informations sur le traitement des donn\u00e9es des utilisateurs dans la d\u00e9claration de confidentialit\u00e9 de Google : <a href=\"https:\/\/policies.google.com\/privacy?hl=fr\">https:\/\/policies.google.com\/privacy?hl=fr<\/a>.<\/p><p>L&rsquo;entreprise dispose d&rsquo;une certification selon le \u00ab EU-US Data Privacy Framework \u00bb (DPF). Le DPF est un accord entre l&rsquo;Union europ\u00e9enne et les \u00c9tats-Unis visant \u00e0 garantir le respect des normes europ\u00e9ennes en mati\u00e8re de protection des donn\u00e9es lors du traitement des donn\u00e9es aux \u00c9tats-Unis. Toute entreprise certifi\u00e9e selon le DPF s&rsquo;engage \u00e0 respecter ces normes de protection des donn\u00e9es. Pour plus d&rsquo;informations \u00e0 ce sujet, veuillez contacter le fournisseur en cliquant sur le lien suivant : <a href=\"https:\/\/www.dataprivacyframework.gov\/participant\/5780\">https:\/\/www.dataprivacyframework.gov\/participant\/5780<\/a>.<\/p>\t\t\t\t\t\t\t\t<\/div>\n\t\t\t\t<\/div>\n\t\t\t\t\t<\/div>\n\t\t<\/div>\n\t\t\t\t\t<\/div>\n\t\t<\/section>\n\t\t\t\t<\/div>\n\t\t","protected":false},"excerpt":{"rendered":"<p>1. la protection des donn\u00e9es en un coup d&rsquo;\u0153il Remarques g\u00e9n\u00e9rales Les remarques suivantes donnent un aper\u00e7u simple de ce qui se passe avec vos donn\u00e9es personnelles lorsque vous visitez ce site web. Les donn\u00e9es personnelles sont toutes les donn\u00e9es qui permettent de vous identifier personnellement. Vous trouverez des informations d\u00e9taill\u00e9es sur le th\u00e8me de [&hellip;]<\/p>\n","protected":false},"author":8,"featured_media":0,"parent":0,"menu_order":91,"comment_status":"closed","ping_status":"closed","template":"elementor_header_footer","meta":{"footnotes":""},"class_list":["post-6915","page","type-page","status-publish","hentry"],"yoast_head":"<title>D\u00e9claration de confidentialit\u00e9 - K\u00f6hlerpappen GmbH<\/title>\n<meta name=\"robots\" content=\"index, follow, max-snippet:-1, max-image-preview:large, max-video-preview:-1\" \/>\n<link rel=\"canonical\" href=\"https:\/\/www.koehlerpappen.de\/fr\/declaration-de-confidentialite\/\" \/>\n<meta property=\"og:locale\" content=\"fr_FR\" \/>\n<meta property=\"og:type\" content=\"article\" \/>\n<meta property=\"og:title\" content=\"D\u00e9claration de confidentialit\u00e9 - K\u00f6hlerpappen GmbH\" \/>\n<meta property=\"og:description\" content=\"1. la protection des donn\u00e9es en un coup d&rsquo;\u0153il Remarques g\u00e9n\u00e9rales Les remarques suivantes donnent un aper\u00e7u simple de ce qui se passe avec vos donn\u00e9es personnelles lorsque vous visitez ce site web. Les donn\u00e9es personnelles sont toutes les donn\u00e9es qui permettent de vous identifier personnellement. Vous trouverez des informations d\u00e9taill\u00e9es sur le th\u00e8me de [&hellip;]\" \/>\n<meta property=\"og:url\" content=\"https:\/\/www.koehlerpappen.de\/fr\/declaration-de-confidentialite\/\" \/>\n<meta property=\"og:site_name\" content=\"K\u00f6hlerpappen GmbH\" \/>\n<meta property=\"article:modified_time\" content=\"2026-03-26T10:50:35+00:00\" \/>\n<meta name=\"twitter:card\" content=\"summary_large_image\" \/>\n<meta name=\"twitter:label1\" content=\"Dur\u00e9e de lecture estim\u00e9e\" \/>\n\t<meta name=\"twitter:data1\" content=\"19 minutes\" \/>\n<script type=\"application\/ld+json\" class=\"yoast-schema-graph\">{\"@context\":\"https:\\\/\\\/schema.org\",\"@graph\":[{\"@type\":\"WebPage\",\"@id\":\"https:\\\/\\\/www.koehlerpappen.de\\\/fr\\\/declaration-de-confidentialite\\\/\",\"url\":\"https:\\\/\\\/www.koehlerpappen.de\\\/fr\\\/declaration-de-confidentialite\\\/\",\"name\":\"D\u00e9claration de confidentialit\u00e9 - K\u00f6hlerpappen GmbH\",\"isPartOf\":{\"@id\":\"https:\\\/\\\/www.koehlerpappen.de\\\/fr\\\/#website\"},\"datePublished\":\"2021-02-28T16:41:08+00:00\",\"dateModified\":\"2026-03-26T10:50:35+00:00\",\"breadcrumb\":{\"@id\":\"https:\\\/\\\/www.koehlerpappen.de\\\/fr\\\/declaration-de-confidentialite\\\/#breadcrumb\"},\"inLanguage\":\"fr-FR\",\"potentialAction\":[{\"@type\":\"ReadAction\",\"target\":[\"https:\\\/\\\/www.koehlerpappen.de\\\/fr\\\/declaration-de-confidentialite\\\/\"]}]},{\"@type\":\"BreadcrumbList\",\"@id\":\"https:\\\/\\\/www.koehlerpappen.de\\\/fr\\\/declaration-de-confidentialite\\\/#breadcrumb\",\"itemListElement\":[{\"@type\":\"ListItem\",\"position\":1,\"name\":\"Page d'accueil\",\"item\":\"https:\\\/\\\/www.koehlerpappen.de\\\/fr\\\/accueil-koehlerpappen\\\/\"},{\"@type\":\"ListItem\",\"position\":2,\"name\":\"D\u00e9claration de confidentialit\u00e9\"}]},{\"@type\":\"WebSite\",\"@id\":\"https:\\\/\\\/www.koehlerpappen.de\\\/fr\\\/#website\",\"url\":\"https:\\\/\\\/www.koehlerpappen.de\\\/fr\\\/\",\"name\":\"K\u00f6hlerpappen GmbH\",\"description\":\"\",\"publisher\":{\"@id\":\"https:\\\/\\\/www.koehlerpappen.de\\\/fr\\\/#organization\"},\"potentialAction\":[{\"@type\":\"SearchAction\",\"target\":{\"@type\":\"EntryPoint\",\"urlTemplate\":\"https:\\\/\\\/www.koehlerpappen.de\\\/fr\\\/?s={search_term_string}\"},\"query-input\":{\"@type\":\"PropertyValueSpecification\",\"valueRequired\":true,\"valueName\":\"search_term_string\"}}],\"inLanguage\":\"fr-FR\"},{\"@type\":\"Organization\",\"@id\":\"https:\\\/\\\/www.koehlerpappen.de\\\/fr\\\/#organization\",\"name\":\"K\u00f6hlerpappen GmbH\",\"url\":\"https:\\\/\\\/www.koehlerpappen.de\\\/fr\\\/\",\"logo\":{\"@type\":\"ImageObject\",\"inLanguage\":\"fr-FR\",\"@id\":\"https:\\\/\\\/www.koehlerpappen.de\\\/fr\\\/#\\\/schema\\\/logo\\\/image\\\/\",\"url\":\"https:\\\/\\\/www.koehlerpappen.de\\\/wp-content\\\/uploads\\\/logo_koehlerpappen.svg\",\"contentUrl\":\"https:\\\/\\\/www.koehlerpappen.de\\\/wp-content\\\/uploads\\\/logo_koehlerpappen.svg\",\"width\":134.22,\"height\":50.5,\"caption\":\"K\u00f6hlerpappen GmbH\"},\"image\":{\"@id\":\"https:\\\/\\\/www.koehlerpappen.de\\\/fr\\\/#\\\/schema\\\/logo\\\/image\\\/\"}}]}<\/script>","yoast_head_json":{"title":"D\u00e9claration de confidentialit\u00e9 - K\u00f6hlerpappen GmbH","robots":{"index":"index","follow":"follow","max-snippet":"max-snippet:-1","max-image-preview":"max-image-preview:large","max-video-preview":"max-video-preview:-1"},"canonical":"https:\/\/www.koehlerpappen.de\/fr\/declaration-de-confidentialite\/","og_locale":"fr_FR","og_type":"article","og_title":"D\u00e9claration de confidentialit\u00e9 - K\u00f6hlerpappen GmbH","og_description":"1. la protection des donn\u00e9es en un coup d&rsquo;\u0153il Remarques g\u00e9n\u00e9rales Les remarques suivantes donnent un aper\u00e7u simple de ce qui se passe avec vos donn\u00e9es personnelles lorsque vous visitez ce site web. Les donn\u00e9es personnelles sont toutes les donn\u00e9es qui permettent de vous identifier personnellement. Vous trouverez des informations d\u00e9taill\u00e9es sur le th\u00e8me de [&hellip;]","og_url":"https:\/\/www.koehlerpappen.de\/fr\/declaration-de-confidentialite\/","og_site_name":"K\u00f6hlerpappen GmbH","article_modified_time":"2026-03-26T10:50:35+00:00","twitter_card":"summary_large_image","twitter_misc":{"Dur\u00e9e de lecture estim\u00e9e":"19 minutes"},"schema":{"@context":"https:\/\/schema.org","@graph":[{"@type":"WebPage","@id":"https:\/\/www.koehlerpappen.de\/fr\/declaration-de-confidentialite\/","url":"https:\/\/www.koehlerpappen.de\/fr\/declaration-de-confidentialite\/","name":"D\u00e9claration de confidentialit\u00e9 - K\u00f6hlerpappen GmbH","isPartOf":{"@id":"https:\/\/www.koehlerpappen.de\/fr\/#website"},"datePublished":"2021-02-28T16:41:08+00:00","dateModified":"2026-03-26T10:50:35+00:00","breadcrumb":{"@id":"https:\/\/www.koehlerpappen.de\/fr\/declaration-de-confidentialite\/#breadcrumb"},"inLanguage":"fr-FR","potentialAction":[{"@type":"ReadAction","target":["https:\/\/www.koehlerpappen.de\/fr\/declaration-de-confidentialite\/"]}]},{"@type":"BreadcrumbList","@id":"https:\/\/www.koehlerpappen.de\/fr\/declaration-de-confidentialite\/#breadcrumb","itemListElement":[{"@type":"ListItem","position":1,"name":"Page d'accueil","item":"https:\/\/www.koehlerpappen.de\/fr\/accueil-koehlerpappen\/"},{"@type":"ListItem","position":2,"name":"D\u00e9claration de confidentialit\u00e9"}]},{"@type":"WebSite","@id":"https:\/\/www.koehlerpappen.de\/fr\/#website","url":"https:\/\/www.koehlerpappen.de\/fr\/","name":"K\u00f6hlerpappen GmbH","description":"","publisher":{"@id":"https:\/\/www.koehlerpappen.de\/fr\/#organization"},"potentialAction":[{"@type":"SearchAction","target":{"@type":"EntryPoint","urlTemplate":"https:\/\/www.koehlerpappen.de\/fr\/?s={search_term_string}"},"query-input":{"@type":"PropertyValueSpecification","valueRequired":true,"valueName":"search_term_string"}}],"inLanguage":"fr-FR"},{"@type":"Organization","@id":"https:\/\/www.koehlerpappen.de\/fr\/#organization","name":"K\u00f6hlerpappen GmbH","url":"https:\/\/www.koehlerpappen.de\/fr\/","logo":{"@type":"ImageObject","inLanguage":"fr-FR","@id":"https:\/\/www.koehlerpappen.de\/fr\/#\/schema\/logo\/image\/","url":"https:\/\/www.koehlerpappen.de\/wp-content\/uploads\/logo_koehlerpappen.svg","contentUrl":"https:\/\/www.koehlerpappen.de\/wp-content\/uploads\/logo_koehlerpappen.svg","width":134.22,"height":50.5,"caption":"K\u00f6hlerpappen GmbH"},"image":{"@id":"https:\/\/www.koehlerpappen.de\/fr\/#\/schema\/logo\/image\/"}}]}},"_links":{"self":[{"href":"https:\/\/www.koehlerpappen.de\/fr\/wp-json\/wp\/v2\/pages\/6915","targetHints":{"allow":["GET"]}}],"collection":[{"href":"https:\/\/www.koehlerpappen.de\/fr\/wp-json\/wp\/v2\/pages"}],"about":[{"href":"https:\/\/www.koehlerpappen.de\/fr\/wp-json\/wp\/v2\/types\/page"}],"author":[{"embeddable":true,"href":"https:\/\/www.koehlerpappen.de\/fr\/wp-json\/wp\/v2\/users\/8"}],"replies":[{"embeddable":true,"href":"https:\/\/www.koehlerpappen.de\/fr\/wp-json\/wp\/v2\/comments?post=6915"}],"version-history":[{"count":27,"href":"https:\/\/www.koehlerpappen.de\/fr\/wp-json\/wp\/v2\/pages\/6915\/revisions"}],"predecessor-version":[{"id":11157,"href":"https:\/\/www.koehlerpappen.de\/fr\/wp-json\/wp\/v2\/pages\/6915\/revisions\/11157"}],"wp:attachment":[{"href":"https:\/\/www.koehlerpappen.de\/fr\/wp-json\/wp\/v2\/media?parent=6915"}],"curies":[{"name":"wp","href":"https:\/\/api.w.org\/{rel}","templated":true}]}}